{"id":24492,"date":"2011-06-09T14:14:04","date_gmt":"2011-06-09T12:14:04","guid":{"rendered":"https:\/\/shrazvoj.dev-acenta.si\/nastanitev\/turisticna-kmetija-nemec-lasko\/"},"modified":"2026-07-20T23:01:11","modified_gmt":"2026-07-20T21:01:11","slug":"agriturismo-nemec-lasko","status":"publish","type":"nastanitev","link":"https:\/\/shrazvoj.dev-acenta.si\/it\/turisticna-kmetija-nemec-lasko\/","title":{"rendered":"Agriturismo Nemec"},"content":{"rendered":"<p><strong>Azienda agrituristica Nemec La\u0161ko<\/strong>, dove vi ospiter\u00e0 la famiglia Nemec, sorge su una collina sopra il villaggio di Sedra\u017e, circondata da prati e con una vista straordinaria sulle colline della Zasavje. Se vi piace assaggiare cibo ottimo e preparato in casa, allora i Nemec sono l'indirizzo giusto. Nella fattoria accolgono con cordialit\u00e0 anche le famiglie con bambini e, se voi genitori decidete per una gita pi\u00f9 lunga sulle colline vicine, provvedono anche alla custodia. <\/p>\n<p> Chi ama la natura ed \u00e8 appassionato di escursionismo pu\u00f2 salire sul Kal, sulla Mrzlica, sul Kopitnik&hellip;. Gli amanti del nuoto e dei bagni possono visitare il vicino centro termale di La\u0161ko, di Rimske Toplice, oppure lo stabilimento Aqua Roma. <\/p>\n<p> <em>Azienda agrituristica Nemec La\u0161ko. Camere a La\u0161ko. <\/em><br \/> &nbsp;<\/p>","protected":false},"featured_media":41078,"template":"","meta":{"_acf_changed":false,"_breakdance_hide_in_design_set":false,"_breakdance_tags":""},"categories":[712,717,715],"kraj":[2651],"regija":[2454],"class_list":["post-24492","nastanitev","type-nastanitev","status-publish","has-post-thumbnail","hentry","category-namestitve","category-turisticne-kmetije-b-b","category-zasebne-sobe","kraj-lasko","regija-savinjska"],"acf":[],"yoast_head":"<!-- This site is optimized with the Yoast SEO plugin v28.3 - https:\/\/yoast.com\/product\/yoast-seo-wordpress\/ -->\n<title>Turisti\u010dna kmetija Nemec - Sloveniaholidays.com<\/title>\n<meta name=\"description\" content=\"Turisti\u010dna kmetija Nemec La\u0161ko le\u017ei na gri\u010du nad vasjo Sedra\u017e.\" \/>\n<meta name=\"robots\" content=\"noindex, follow, max-snippet:-1, max-image-preview:large, max-video-preview:-1\" \/>\n<meta property=\"og:locale\" content=\"it_IT\" \/>\n<meta property=\"og:type\" content=\"article\" \/>\n<meta property=\"og:title\" content=\"Turisti\u010dna kmetija Nemec - Sloveniaholidays.com\" \/>\n<meta property=\"og:description\" content=\"Turisti\u010dna kmetija Nemec La\u0161ko le\u017ei na gri\u010du nad vasjo Sedra\u017e.\" \/>\n<meta property=\"og:url\" content=\"https:\/\/shrazvoj.dev-acenta.si\/it\/alloggi\/agriturismo-nemec-lasko\/\" \/>\n<meta property=\"og:site_name\" content=\"Sloveniaholidays.com\" \/>\n<meta property=\"article:modified_time\" content=\"2026-07-20T21:01:11+00:00\" \/>\n<meta property=\"og:image\" content=\"https:\/\/shrazvoj.dev-acenta.si\/wp-content\/uploads\/media\/clients\/gallery\/gallery-turisticna-kmetija-nemec-lasko-50269.jpg\" \/>\n\t<meta property=\"og:image:width\" content=\"600\" \/>\n\t<meta property=\"og:image:height\" content=\"450\" \/>\n\t<meta property=\"og:image:type\" content=\"image\/jpeg\" \/>\n<meta name=\"twitter:card\" content=\"summary_large_image\" \/>\n<meta name=\"twitter:label1\" content=\"Est. reading time\" \/>\n\t<meta name=\"twitter:data1\" content=\"1 minuto\" \/>\n<script type=\"application\/ld+json\" class=\"yoast-schema-graph\">{\"@context\":\"https:\\\/\\\/schema.org\",\"@graph\":[{\"@type\":\"WebPage\",\"@id\":\"https:\\\/\\\/shrazvoj.dev-acenta.si\\\/namestitve\\\/turisticna-kmetija-nemec-lasko\\\/\",\"url\":\"https:\\\/\\\/shrazvoj.dev-acenta.si\\\/namestitve\\\/turisticna-kmetija-nemec-lasko\\\/\",\"name\":\"Turisti\u010dna kmetija Nemec - Sloveniaholidays.com\",\"isPartOf\":{\"@id\":\"https:\\\/\\\/shrazvoj.dev-acenta.si\\\/#website\"},\"primaryImageOfPage\":{\"@id\":\"https:\\\/\\\/shrazvoj.dev-acenta.si\\\/namestitve\\\/turisticna-kmetija-nemec-lasko\\\/#primaryimage\"},\"image\":{\"@id\":\"https:\\\/\\\/shrazvoj.dev-acenta.si\\\/namestitve\\\/turisticna-kmetija-nemec-lasko\\\/#primaryimage\"},\"thumbnailUrl\":\"https:\\\/\\\/shrazvoj.dev-acenta.si\\\/wp-content\\\/uploads\\\/media\\\/clients\\\/gallery\\\/gallery-turisticna-kmetija-nemec-lasko-50269.jpg\",\"datePublished\":\"2011-06-09T12:14:04+00:00\",\"dateModified\":\"2026-07-20T21:01:11+00:00\",\"description\":\"Turisti\u010dna kmetija Nemec La\u0161ko le\u017ei na gri\u010du nad vasjo Sedra\u017e.\",\"breadcrumb\":{\"@id\":\"https:\\\/\\\/shrazvoj.dev-acenta.si\\\/namestitve\\\/turisticna-kmetija-nemec-lasko\\\/#breadcrumb\"},\"inLanguage\":\"it-IT\",\"potentialAction\":[{\"@type\":\"ReadAction\",\"target\":[\"https:\\\/\\\/shrazvoj.dev-acenta.si\\\/namestitve\\\/turisticna-kmetija-nemec-lasko\\\/\"]}]},{\"@type\":\"ImageObject\",\"inLanguage\":\"it-IT\",\"@id\":\"https:\\\/\\\/shrazvoj.dev-acenta.si\\\/namestitve\\\/turisticna-kmetija-nemec-lasko\\\/#primaryimage\",\"url\":\"https:\\\/\\\/shrazvoj.dev-acenta.si\\\/wp-content\\\/uploads\\\/media\\\/clients\\\/gallery\\\/gallery-turisticna-kmetija-nemec-lasko-50269.jpg\",\"contentUrl\":\"https:\\\/\\\/shrazvoj.dev-acenta.si\\\/wp-content\\\/uploads\\\/media\\\/clients\\\/gallery\\\/gallery-turisticna-kmetija-nemec-lasko-50269.jpg\",\"width\":600,\"height\":450},{\"@type\":\"BreadcrumbList\",\"@id\":\"https:\\\/\\\/shrazvoj.dev-acenta.si\\\/namestitve\\\/turisticna-kmetija-nemec-lasko\\\/#breadcrumb\",\"itemListElement\":[{\"@type\":\"ListItem\",\"position\":1,\"name\":\"Home\",\"item\":\"https:\\\/\\\/shrazvoj.dev-acenta.si\\\/\"},{\"@type\":\"ListItem\",\"position\":2,\"name\":\"Namestitve\",\"item\":\"https:\\\/\\\/shrazvoj.dev-acenta.si\\\/namestitve\\\/\"},{\"@type\":\"ListItem\",\"position\":3,\"name\":\"Turisti\u010dna kmetija Nemec\"}]},{\"@type\":\"WebSite\",\"@id\":\"https:\\\/\\\/shrazvoj.dev-acenta.si\\\/#website\",\"url\":\"https:\\\/\\\/shrazvoj.dev-acenta.si\\\/\",\"name\":\"Sloveniaholidays.com\",\"description\":\"\",\"potentialAction\":[{\"@type\":\"SearchAction\",\"target\":{\"@type\":\"EntryPoint\",\"urlTemplate\":\"https:\\\/\\\/shrazvoj.dev-acenta.si\\\/?s={search_term_string}\"},\"query-input\":{\"@type\":\"PropertyValueSpecification\",\"valueRequired\":true,\"valueName\":\"search_term_string\"}}],\"inLanguage\":\"it-IT\"}]}<\/script>\n<!-- \/ Yoast SEO plugin. -->","yoast_head_json":{"title":"Turisti\u010dna kmetija Nemec - Sloveniaholidays.com","description":"L'agriturismo Nemec La\u0161ko si trova su una collina sopra il villaggio di Sedra\u017e.","robots":{"index":"noindex","follow":"follow","max-snippet":"max-snippet:-1","max-image-preview":"max-image-preview:large","max-video-preview":"max-video-preview:-1"},"og_locale":"it_IT","og_type":"article","og_title":"Turisti\u010dna kmetija Nemec - Sloveniaholidays.com","og_description":"Turisti\u010dna kmetija Nemec La\u0161ko le\u017ei na gri\u010du nad vasjo Sedra\u017e.","og_url":"https:\/\/shrazvoj.dev-acenta.si\/it\/alloggi\/agriturismo-nemec-lasko\/","og_site_name":"Sloveniaholidays.com","article_modified_time":"2026-07-20T21:01:11+00:00","og_image":[{"width":600,"height":450,"url":"https:\/\/shrazvoj.dev-acenta.si\/wp-content\/uploads\/media\/clients\/gallery\/gallery-turisticna-kmetija-nemec-lasko-50269.jpg","type":"image\/jpeg"}],"twitter_card":"summary_large_image","twitter_misc":{"Est. reading time":"1 minuto"},"schema":{"@context":"https:\/\/schema.org","@graph":[{"@type":"WebPage","@id":"https:\/\/shrazvoj.dev-acenta.si\/namestitve\/turisticna-kmetija-nemec-lasko\/","url":"https:\/\/shrazvoj.dev-acenta.si\/namestitve\/turisticna-kmetija-nemec-lasko\/","name":"Turisti\u010dna kmetija Nemec - Sloveniaholidays.com","isPartOf":{"@id":"https:\/\/shrazvoj.dev-acenta.si\/#website"},"primaryImageOfPage":{"@id":"https:\/\/shrazvoj.dev-acenta.si\/namestitve\/turisticna-kmetija-nemec-lasko\/#primaryimage"},"image":{"@id":"https:\/\/shrazvoj.dev-acenta.si\/namestitve\/turisticna-kmetija-nemec-lasko\/#primaryimage"},"thumbnailUrl":"https:\/\/shrazvoj.dev-acenta.si\/wp-content\/uploads\/media\/clients\/gallery\/gallery-turisticna-kmetija-nemec-lasko-50269.jpg","datePublished":"2011-06-09T12:14:04+00:00","dateModified":"2026-07-20T21:01:11+00:00","description":"L'agriturismo Nemec La\u0161ko si trova su una collina sopra il villaggio di Sedra\u017e.","breadcrumb":{"@id":"https:\/\/shrazvoj.dev-acenta.si\/namestitve\/turisticna-kmetija-nemec-lasko\/#breadcrumb"},"inLanguage":"it-IT","potentialAction":[{"@type":"ReadAction","target":["https:\/\/shrazvoj.dev-acenta.si\/namestitve\/turisticna-kmetija-nemec-lasko\/"]}]},{"@type":"ImageObject","inLanguage":"it-IT","@id":"https:\/\/shrazvoj.dev-acenta.si\/namestitve\/turisticna-kmetija-nemec-lasko\/#primaryimage","url":"https:\/\/shrazvoj.dev-acenta.si\/wp-content\/uploads\/media\/clients\/gallery\/gallery-turisticna-kmetija-nemec-lasko-50269.jpg","contentUrl":"https:\/\/shrazvoj.dev-acenta.si\/wp-content\/uploads\/media\/clients\/gallery\/gallery-turisticna-kmetija-nemec-lasko-50269.jpg","width":600,"height":450},{"@type":"BreadcrumbList","@id":"https:\/\/shrazvoj.dev-acenta.si\/namestitve\/turisticna-kmetija-nemec-lasko\/#breadcrumb","itemListElement":[{"@type":"ListItem","position":1,"name":"Home","item":"https:\/\/shrazvoj.dev-acenta.si\/"},{"@type":"ListItem","position":2,"name":"Namestitve","item":"https:\/\/shrazvoj.dev-acenta.si\/namestitve\/"},{"@type":"ListItem","position":3,"name":"Turisti\u010dna kmetija Nemec"}]},{"@type":"WebSite","@id":"https:\/\/shrazvoj.dev-acenta.si\/#website","url":"https:\/\/shrazvoj.dev-acenta.si\/","name":"Sloveniaholidays.com","description":"","potentialAction":[{"@type":"SearchAction","target":{"@type":"EntryPoint","urlTemplate":"https:\/\/shrazvoj.dev-acenta.si\/?s={search_term_string}"},"query-input":{"@type":"PropertyValueSpecification","valueRequired":true,"valueName":"search_term_string"}}],"inLanguage":"it-IT"}]}},"_links":{"self":[{"href":"https:\/\/shrazvoj.dev-acenta.si\/it\/wp-json\/wp\/v2\/nastanitev\/24492","targetHints":{"allow":["GET"]}}],"collection":[{"href":"https:\/\/shrazvoj.dev-acenta.si\/it\/wp-json\/wp\/v2\/nastanitev"}],"about":[{"href":"https:\/\/shrazvoj.dev-acenta.si\/it\/wp-json\/wp\/v2\/types\/nastanitev"}],"wp:featuredmedia":[{"embeddable":true,"href":"https:\/\/shrazvoj.dev-acenta.si\/it\/wp-json\/wp\/v2\/media\/41078"}],"wp:attachment":[{"href":"https:\/\/shrazvoj.dev-acenta.si\/it\/wp-json\/wp\/v2\/media?parent=24492"}],"wp:term":[{"taxonomy":"category","embeddable":true,"href":"https:\/\/shrazvoj.dev-acenta.si\/it\/wp-json\/wp\/v2\/categories?post=24492"},{"taxonomy":"kraj","embeddable":true,"href":"https:\/\/shrazvoj.dev-acenta.si\/it\/wp-json\/wp\/v2\/kraj?post=24492"},{"taxonomy":"regija","embeddable":true,"href":"https:\/\/shrazvoj.dev-acenta.si\/it\/wp-json\/wp\/v2\/regija?post=24492"}],"curies":[{"name":"wp","href":"https:\/\/api.w.org\/{rel}","templated":true}]}}