{"id":2629,"count":4,"description":"Slovenj Gradec je kulturno in gospodarsko sredi\u0161\u010de Koro\u0161ke, mesto, kjer se sodoben razvoj prepleta s starodavnim izro\u010dilom in zgodovinskimi pomniki. Znano je po bogatem umetnostnem \u017eivljenju in mednarodnih razstavah, med drugim pod pokroviteljstvom Zdru\u017eenih narodov, zaradi \u010desar nosi \u010dastni naziv glasnik miru.\n\nV mestu sta doma znana Koro\u0161ka galerija likovnih umetnosti in spomin na skladatelja Huga Wolfa, rojenega prav tu. Okoli\u0161ko Pohorje in Ur\u0161lja gora vabita na pohodni\u0161tvo in kolesarjenje. Poi\u0161\u010dite <a href=\"\/en\/accommodation\/\">accommodation<\/a>, taste <a href=\"\/en\/cuisine\/\">the food and drink on offer<\/a> and choose from <a href=\"\/en\/experiences\/\">activities<\/a> in Slovenj Gradec and the surrounding area.","link":"https:\/\/shrazvoj.dev-acenta.si\/en\/kraj\/slovenj-gradec\/","name":"Slovenj Gradec","slug":"slovenj-gradec","taxonomy":"kraj","parent":3114,"meta":{"term_featured_image":66114,"term_gallery":[66024,66025,66026]},"acf":{"slika":false,"slika_source":{"label":"Slika","type":"image","formatted_value":false},"opis":"","opis_source":{"label":"Opis","type":"wysiwyg","formatted_value":""},"drzava":false,"drzava_source":{"label":"Dr\u017eava","type":"select","formatted_value":false}},"yoast_head":"<!-- This site is optimized with the Yoast SEO plugin v28.3 - https:\/\/yoast.com\/product\/yoast-seo-wordpress\/ -->\n<title>Slovenj Gradec - Sloveniaholidays.com<\/title>\n<meta name=\"robots\" content=\"noindex, follow, max-snippet:-1, max-image-preview:large, max-video-preview:-1\" \/>\n<meta property=\"og:locale\" content=\"en_GB\" \/>\n<meta property=\"og:type\" content=\"article\" \/>\n<meta property=\"og:title\" content=\"Slovenj Gradec - Sloveniaholidays.com\" \/>\n<meta property=\"og:description\" content=\"Slovenj Gradec je kulturno in gospodarsko sredi\u0161\u010de Koro\u0161ke, mesto, kjer se sodoben razvoj prepleta s starodavnim izro\u010dilom in zgodovinskimi pomniki. Znano je po bogatem umetnostnem \u017eivljenju in mednarodnih razstavah, med drugim pod pokroviteljstvom Zdru\u017eenih narodov, zaradi \u010desar nosi \u010dastni naziv glasnik miru. V mestu sta doma znana Koro\u0161ka galerija likovnih umetnosti in spomin na skladatelja Huga Wolfa, rojenega prav tu. Okoli\u0161ko Pohorje in Ur\u0161lja gora vabita na pohodni\u0161tvo in kolesarjenje. Poi\u0161\u010dite nastanitve, okusite gostinsko ponudbo in izberite med aktivnostmi v Slovenj Gradcu in okolici.\" \/>\n<meta property=\"og:url\" content=\"https:\/\/shrazvoj.dev-acenta.si\/en\/place\/slovenj-gradec\/\" \/>\n<meta property=\"og:site_name\" content=\"Sloveniaholidays.com\" \/>\n<meta name=\"twitter:card\" content=\"summary_large_image\" \/>\n<script type=\"application\/ld+json\" class=\"yoast-schema-graph\">{\"@context\":\"https:\\\/\\\/schema.org\",\"@graph\":[{\"@type\":\"CollectionPage\",\"@id\":\"https:\\\/\\\/shrazvoj.dev-acenta.si\\\/kraj\\\/slovenj-gradec\\\/\",\"url\":\"https:\\\/\\\/shrazvoj.dev-acenta.si\\\/kraj\\\/slovenj-gradec\\\/\",\"name\":\"Slovenj Gradec - Sloveniaholidays.com\",\"isPartOf\":{\"@id\":\"https:\\\/\\\/shrazvoj.dev-acenta.si\\\/#website\"},\"breadcrumb\":{\"@id\":\"https:\\\/\\\/shrazvoj.dev-acenta.si\\\/kraj\\\/slovenj-gradec\\\/#breadcrumb\"},\"inLanguage\":\"en-GB\"},{\"@type\":\"BreadcrumbList\",\"@id\":\"https:\\\/\\\/shrazvoj.dev-acenta.si\\\/kraj\\\/slovenj-gradec\\\/#breadcrumb\",\"itemListElement\":[{\"@type\":\"ListItem\",\"position\":1,\"name\":\"Home\",\"item\":\"https:\\\/\\\/shrazvoj.dev-acenta.si\\\/\"},{\"@type\":\"ListItem\",\"position\":2,\"name\":\"Maribor in Pohorje\",\"item\":\"https:\\\/\\\/shrazvoj.dev-acenta.si\\\/kraj\\\/maribor-in-pohorje\\\/\"},{\"@type\":\"ListItem\",\"position\":3,\"name\":\"Slovenj Gradec\"}]},{\"@type\":\"WebSite\",\"@id\":\"https:\\\/\\\/shrazvoj.dev-acenta.si\\\/#website\",\"url\":\"https:\\\/\\\/shrazvoj.dev-acenta.si\\\/\",\"name\":\"Sloveniaholidays.com\",\"description\":\"\",\"potentialAction\":[{\"@type\":\"SearchAction\",\"target\":{\"@type\":\"EntryPoint\",\"urlTemplate\":\"https:\\\/\\\/shrazvoj.dev-acenta.si\\\/?s={search_term_string}\"},\"query-input\":{\"@type\":\"PropertyValueSpecification\",\"valueRequired\":true,\"valueName\":\"search_term_string\"}}],\"inLanguage\":\"en-GB\"}]}<\/script>\n<!-- \/ Yoast SEO plugin. -->","yoast_head_json":{"title":"Slovenj Gradec - Sloveniaholidays.com","robots":{"index":"noindex","follow":"follow","max-snippet":"max-snippet:-1","max-image-preview":"max-image-preview:large","max-video-preview":"max-video-preview:-1"},"og_locale":"en_GB","og_type":"article","og_title":"Slovenj Gradec - Sloveniaholidays.com","og_description":"Slovenj Gradec je kulturno in gospodarsko sredi\u0161\u010de Koro\u0161ke, mesto, kjer se sodoben razvoj prepleta s starodavnim izro\u010dilom in zgodovinskimi pomniki. Znano je po bogatem umetnostnem \u017eivljenju in mednarodnih razstavah, med drugim pod pokroviteljstvom Zdru\u017eenih narodov, zaradi \u010desar nosi \u010dastni naziv glasnik miru. V mestu sta doma znana Koro\u0161ka galerija likovnih umetnosti in spomin na skladatelja Huga Wolfa, rojenega prav tu. Okoli\u0161ko Pohorje in Ur\u0161lja gora vabita na pohodni\u0161tvo in kolesarjenje. Poi\u0161\u010dite nastanitve, okusite gostinsko ponudbo in izberite med aktivnostmi v Slovenj Gradcu in okolici.","og_url":"https:\/\/shrazvoj.dev-acenta.si\/en\/place\/slovenj-gradec\/","og_site_name":"Sloveniaholidays.com","twitter_card":"summary_large_image","schema":{"@context":"https:\/\/schema.org","@graph":[{"@type":"CollectionPage","@id":"https:\/\/shrazvoj.dev-acenta.si\/kraj\/slovenj-gradec\/","url":"https:\/\/shrazvoj.dev-acenta.si\/kraj\/slovenj-gradec\/","name":"Slovenj Gradec - Sloveniaholidays.com","isPartOf":{"@id":"https:\/\/shrazvoj.dev-acenta.si\/#website"},"breadcrumb":{"@id":"https:\/\/shrazvoj.dev-acenta.si\/kraj\/slovenj-gradec\/#breadcrumb"},"inLanguage":"en-GB"},{"@type":"BreadcrumbList","@id":"https:\/\/shrazvoj.dev-acenta.si\/kraj\/slovenj-gradec\/#breadcrumb","itemListElement":[{"@type":"ListItem","position":1,"name":"Home","item":"https:\/\/shrazvoj.dev-acenta.si\/"},{"@type":"ListItem","position":2,"name":"Maribor in Pohorje","item":"https:\/\/shrazvoj.dev-acenta.si\/kraj\/maribor-in-pohorje\/"},{"@type":"ListItem","position":3,"name":"Slovenj Gradec"}]},{"@type":"WebSite","@id":"https:\/\/shrazvoj.dev-acenta.si\/#website","url":"https:\/\/shrazvoj.dev-acenta.si\/","name":"Sloveniaholidays.com","description":"","potentialAction":[{"@type":"SearchAction","target":{"@type":"EntryPoint","urlTemplate":"https:\/\/shrazvoj.dev-acenta.si\/?s={search_term_string}"},"query-input":{"@type":"PropertyValueSpecification","valueRequired":true,"valueName":"search_term_string"}}],"inLanguage":"en-GB"}]}},"_links":{"self":[{"href":"https:\/\/shrazvoj.dev-acenta.si\/en\/wp-json\/wp\/v2\/kraj\/2629","targetHints":{"allow":["GET"]}}],"collection":[{"href":"https:\/\/shrazvoj.dev-acenta.si\/en\/wp-json\/wp\/v2\/kraj"}],"about":[{"href":"https:\/\/shrazvoj.dev-acenta.si\/en\/wp-json\/wp\/v2\/taxonomies\/kraj"}],"up":[{"embeddable":true,"href":"https:\/\/shrazvoj.dev-acenta.si\/en\/wp-json\/wp\/v2\/kraj\/3114"}],"wp:post_type":[{"href":"https:\/\/shrazvoj.dev-acenta.si\/en\/wp-json\/wp\/v2\/nastanitev?kraj=2629"},{"href":"https:\/\/shrazvoj.dev-acenta.si\/en\/wp-json\/wp\/v2\/restavracija?kraj=2629"},{"href":"https:\/\/shrazvoj.dev-acenta.si\/en\/wp-json\/wp\/v2\/aktivnost?kraj=2629"}],"curies":[{"name":"wp","href":"https:\/\/api.w.org\/{rel}","templated":true}]}}