{"id":66918,"date":"2013-09-19T10:31:18","date_gmt":"2013-09-19T08:31:18","guid":{"rendered":"https:\/\/shrazvoj.dev-acenta.si\/aktivnost\/gorenjski-muzej-kranj\/"},"modified":"2026-08-31T14:12:42","modified_gmt":"2026-08-31T12:12:42","slug":"the-upper-carniola-museum","status":"publish","type":"aktivnost","link":"https:\/\/shrazvoj.dev-acenta.si\/en\/gorenjski-muzej-kranj\/","title":{"rendered":"The Upper Carniola Museum"},"content":{"rendered":"<p> The heritage which is collected, kept, researched and presented by <u>The Upper Carniola Museum<\/u>, are intended for contemporary needs in building regional and local identity and as inspiration and help in the search for solutions to the contemporary cultural problems of people in Gorenjska and more widely. We build our mission on the basis of the core collections: archaeological, ethnological, older, art, cultural and more recent history and the contemporary, the cabinet of Slovenian photography, the visual creativity of Gorenjska and the pre\u0161erniana. The museum is oriented towards constant communication with its environment &#8211; we present the heritage with exhibitions, publications, at workshops, study circles and lectures.<\/p>\n<p><img loading=\"lazy\" decoding=\"async\" src=\"\/wp-content\/uploads\/media\/providers\/inline\/Image-11013212_467505470084093_6578316525456248786_n.jpg\" width=\"600\" height=\"397\"><\/p>\n<p><strong>The Upper Carniola Museum<\/strong> is a place where people meet who know how to find in the preserved cultural heritage those common features which connect us with other peoples and cultures, and at the same time to bring out those treasures that are ours alone. Among our friends we count both the children who romp and enjoy themselves at our creative workshops and established researchers, together with whom we shape images of Gorenjska in the past. And of course all the curious visitors between these two extremes &ndash; you too are welcome!<\/p>\n<p>&nbsp;<\/p>\n<hr \/>\n<p><b>Opening hours:<\/b><br \/> &#8211; from Tuesday to Sunday, between 10 and 18<br \/> &#8211; Monday &ndash; CLOSED<br \/> &#8211; 1. 1., 1. 5., 1. 11., Easter, Christmas &ndash; CLOSED<\/p>\n<p> <b>Admission:<\/b><\/p>\n<table cellspacing=\"0\" cellpadding=\"0\" border=\"1\">\n<tbody>\n<tr>\n<td width=\"384\" valign=\"top\">\n<p>Ticket<\/p>\n<\/td>\n<td width=\"165\" valign=\"top\">\n<p>Price<\/p>\n<\/td>\n<\/tr>\n<tr>\n<td width=\"384\" valign=\"top\">\n<p>Adults<\/p>\n<\/td>\n<td width=\"165\" valign=\"top\">\n<p>2.50 &euro;<\/p>\n<\/td>\n<\/tr>\n<tr>\n<td width=\"384\" valign=\"top\">\n<p>Children, secondary pupils, students, pensioners<\/p>\n<\/td>\n<td width=\"165\" valign=\"top\">\n<p>1.70 &euro;<\/p>\n<\/td>\n<\/tr>\n<tr>\n<td width=\"384\" valign=\"top\">\n<p>Family<\/p>\n<\/td>\n<td width=\"165\" valign=\"top\">\n<p>5.00 &euro;<\/p>\n<\/td>\n<\/tr>\n<tr>\n<td width=\"384\" valign=\"top\">\n<p>Museum ticket for all houses &ndash; adults<\/p>\n<\/td>\n<td width=\"165\" valign=\"top\">\n<p>6.00 &euro;<\/p>\n<\/td>\n<\/tr>\n<tr>\n<td width=\"384\" valign=\"top\">\n<p>Museum ticket for all houses &ndash; children, secondary pupils, students, pensioners<\/p>\n<\/td>\n<td width=\"165\" valign=\"top\">\n<p>4.00 &euro;<\/p>\n<\/td>\n<\/tr>\n<tr>\n<td width=\"384\" valign=\"top\">\n<p>Museum ticket for all houses &ndash; family<\/p>\n<\/td>\n<td width=\"165\" valign=\"top\">\n<p>12.00 &euro;<\/p>\n<\/td>\n<\/tr>\n<tr>\n<td width=\"549\" valign=\"top\" colspan=\"2\">\n<p><b>GROUPS<\/b><\/p>\n<\/td>\n<\/tr>\n<tr>\n<td width=\"384\" valign=\"top\">\n<p>Adults &ndash; over 10 people<\/p>\n<\/td>\n<td width=\"165\" valign=\"top\">\n<p>2.00 &euro;<\/p>\n<\/td>\n<\/tr>\n<tr>\n<td width=\"384\" valign=\"top\">\n<p>Children, secondary pupils, students, pensioners &ndash; over 10 people<\/p>\n<\/td>\n<td width=\"165\" valign=\"top\">\n<p>1.50 &euro;<\/p>\n<\/td>\n<\/tr>\n<tr>\n<td width=\"384\" valign=\"top\">\n<p>A guided tour of Pre\u0161eren's grove or of Kranj per person &ndash; over 10 people<\/p>\n<\/td>\n<td width=\"165\" valign=\"top\">\n<p>1.00 &euro;<\/p>\n<\/td>\n<\/tr>\n<\/tbody>\n<\/table>\n<p>&nbsp;<\/p>\n<p><em>Gorenjska Museum Kranj.<\/em><\/p>\n<p>&nbsp;<\/p>","protected":false},"featured_media":67863,"template":"","meta":{"_acf_changed":true,"_breakdance_hide_in_design_set":false,"_breakdance_tags":""},"categories":[2977,2976,2980,3145],"tags":[],"kraj":[2754],"regija":[2456],"class_list":["post-66918","aktivnost","type-aktivnost","status-publish","has-post-thumbnail","hentry","category-gradovi","category-kultura-zgodovina","category-muzeji","category-vsa-dozivetja","kraj-kranj","regija-gorenjska"],"acf":[],"yoast_head":"<!-- This site is optimized with the Yoast SEO plugin v28.3 - https:\/\/yoast.com\/product\/yoast-seo-wordpress\/ -->\n<title>Gorenjski muzej - Sloveniaholidays.com<\/title>\n<meta name=\"description\" content=\"Gorenjski muzej je pokrajinski muzej - grad Khislstein, Mestna hi\u0161a, Kostnica in Pre\u0161ernova hi\u0161a, Muzej Toma\u017ea Godca in Plan\u0161arski muzej, ..\" \/>\n<meta name=\"robots\" content=\"noindex, follow, max-snippet:-1, max-image-preview:large, max-video-preview:-1\" \/>\n<meta property=\"og:locale\" content=\"en_GB\" \/>\n<meta property=\"og:type\" content=\"article\" \/>\n<meta property=\"og:title\" content=\"Gorenjski muzej - Sloveniaholidays.com\" \/>\n<meta property=\"og:description\" content=\"Gorenjski muzej je pokrajinski muzej - grad Khislstein, Mestna hi\u0161a, Kostnica in Pre\u0161ernova hi\u0161a, Muzej Toma\u017ea Godca in Plan\u0161arski muzej, ..\" \/>\n<meta property=\"og:url\" content=\"https:\/\/shrazvoj.dev-acenta.si\/en\/the-upper-carniola-museum\/\" \/>\n<meta property=\"og:site_name\" content=\"Sloveniaholidays.com\" \/>\n<meta property=\"article:modified_time\" content=\"2026-08-31T12:12:42+00:00\" \/>\n<meta property=\"og:image\" content=\"https:\/\/shrazvoj.dev-acenta.si\/wp-content\/uploads\/media\/providers\/gallery\/gallery-gorenjski-muzej-bohinjska-bistrica-55954.jpg\" \/>\n\t<meta property=\"og:image:width\" content=\"640\" \/>\n\t<meta property=\"og:image:height\" content=\"424\" \/>\n\t<meta property=\"og:image:type\" content=\"image\/jpeg\" \/>\n<meta name=\"twitter:card\" content=\"summary_large_image\" \/>\n<meta name=\"twitter:label1\" content=\"Est. reading time\" \/>\n\t<meta name=\"twitter:data1\" content=\"2 minutes\" \/>\n<script type=\"application\/ld+json\" class=\"yoast-schema-graph\">{\"@context\":\"https:\\\/\\\/schema.org\",\"@graph\":[{\"@type\":\"WebPage\",\"@id\":\"https:\\\/\\\/shrazvoj.dev-acenta.si\\\/gorenjski-muzej-kranj\\\/\",\"url\":\"https:\\\/\\\/shrazvoj.dev-acenta.si\\\/gorenjski-muzej-kranj\\\/\",\"name\":\"Gorenjski muzej - Sloveniaholidays.com\",\"isPartOf\":{\"@id\":\"https:\\\/\\\/shrazvoj.dev-acenta.si\\\/#website\"},\"primaryImageOfPage\":{\"@id\":\"https:\\\/\\\/shrazvoj.dev-acenta.si\\\/gorenjski-muzej-kranj\\\/#primaryimage\"},\"image\":{\"@id\":\"https:\\\/\\\/shrazvoj.dev-acenta.si\\\/gorenjski-muzej-kranj\\\/#primaryimage\"},\"thumbnailUrl\":\"https:\\\/\\\/shrazvoj.dev-acenta.si\\\/wp-content\\\/uploads\\\/media\\\/providers\\\/gallery\\\/gallery-gorenjski-muzej-bohinjska-bistrica-55954.jpg\",\"datePublished\":\"2013-09-19T08:31:18+00:00\",\"dateModified\":\"2026-08-31T12:12:42+00:00\",\"description\":\"Gorenjski muzej je pokrajinski muzej - grad Khislstein, Mestna hi\u0161a, Kostnica in Pre\u0161ernova hi\u0161a, Muzej Toma\u017ea Godca in Plan\u0161arski muzej, ..\",\"breadcrumb\":{\"@id\":\"https:\\\/\\\/shrazvoj.dev-acenta.si\\\/gorenjski-muzej-kranj\\\/#breadcrumb\"},\"inLanguage\":\"en-GB\",\"potentialAction\":[{\"@type\":\"ReadAction\",\"target\":[\"https:\\\/\\\/shrazvoj.dev-acenta.si\\\/gorenjski-muzej-kranj\\\/\"]}]},{\"@type\":\"ImageObject\",\"inLanguage\":\"en-GB\",\"@id\":\"https:\\\/\\\/shrazvoj.dev-acenta.si\\\/gorenjski-muzej-kranj\\\/#primaryimage\",\"url\":\"https:\\\/\\\/shrazvoj.dev-acenta.si\\\/wp-content\\\/uploads\\\/media\\\/providers\\\/gallery\\\/gallery-gorenjski-muzej-bohinjska-bistrica-55954.jpg\",\"contentUrl\":\"https:\\\/\\\/shrazvoj.dev-acenta.si\\\/wp-content\\\/uploads\\\/media\\\/providers\\\/gallery\\\/gallery-gorenjski-muzej-bohinjska-bistrica-55954.jpg\",\"width\":640,\"height\":424},{\"@type\":\"BreadcrumbList\",\"@id\":\"https:\\\/\\\/shrazvoj.dev-acenta.si\\\/gorenjski-muzej-kranj\\\/#breadcrumb\",\"itemListElement\":[{\"@type\":\"ListItem\",\"position\":1,\"name\":\"Home\",\"item\":\"https:\\\/\\\/shrazvoj.dev-acenta.si\\\/\"},{\"@type\":\"ListItem\",\"position\":2,\"name\":\"Do\u017eivetja\",\"item\":\"https:\\\/\\\/shrazvoj.dev-acenta.si\\\/dozivetja\\\/\"},{\"@type\":\"ListItem\",\"position\":3,\"name\":\"Gorenjski muzej\"}]},{\"@type\":\"WebSite\",\"@id\":\"https:\\\/\\\/shrazvoj.dev-acenta.si\\\/#website\",\"url\":\"https:\\\/\\\/shrazvoj.dev-acenta.si\\\/\",\"name\":\"Sloveniaholidays.com\",\"description\":\"\",\"potentialAction\":[{\"@type\":\"SearchAction\",\"target\":{\"@type\":\"EntryPoint\",\"urlTemplate\":\"https:\\\/\\\/shrazvoj.dev-acenta.si\\\/?s={search_term_string}\"},\"query-input\":{\"@type\":\"PropertyValueSpecification\",\"valueRequired\":true,\"valueName\":\"search_term_string\"}}],\"inLanguage\":\"en-GB\"}]}<\/script>\n<!-- \/ Yoast SEO plugin. -->","yoast_head_json":{"title":"Gorenjski muzej - Sloveniaholidays.com","description":"The Gorenjska Museum is a regional museum - Khislstein castle, the Town Hall, the Ossuary and Pre\u0161eren's house, the Toma\u017e Godec Museum and the Alpine Dairy Museum, ..","robots":{"index":"noindex","follow":"follow","max-snippet":"max-snippet:-1","max-image-preview":"max-image-preview:large","max-video-preview":"max-video-preview:-1"},"og_locale":"en_GB","og_type":"article","og_title":"Gorenjski muzej - Sloveniaholidays.com","og_description":"Gorenjski muzej je pokrajinski muzej - grad Khislstein, Mestna hi\u0161a, Kostnica in Pre\u0161ernova hi\u0161a, Muzej Toma\u017ea Godca in Plan\u0161arski muzej, ..","og_url":"https:\/\/shrazvoj.dev-acenta.si\/en\/the-upper-carniola-museum\/","og_site_name":"Sloveniaholidays.com","article_modified_time":"2026-08-31T12:12:42+00:00","og_image":[{"width":640,"height":424,"url":"https:\/\/shrazvoj.dev-acenta.si\/wp-content\/uploads\/media\/providers\/gallery\/gallery-gorenjski-muzej-bohinjska-bistrica-55954.jpg","type":"image\/jpeg"}],"twitter_card":"summary_large_image","twitter_misc":{"Est. reading time":"2 minutes"},"schema":{"@context":"https:\/\/schema.org","@graph":[{"@type":"WebPage","@id":"https:\/\/shrazvoj.dev-acenta.si\/gorenjski-muzej-kranj\/","url":"https:\/\/shrazvoj.dev-acenta.si\/gorenjski-muzej-kranj\/","name":"Gorenjski muzej - Sloveniaholidays.com","isPartOf":{"@id":"https:\/\/shrazvoj.dev-acenta.si\/#website"},"primaryImageOfPage":{"@id":"https:\/\/shrazvoj.dev-acenta.si\/gorenjski-muzej-kranj\/#primaryimage"},"image":{"@id":"https:\/\/shrazvoj.dev-acenta.si\/gorenjski-muzej-kranj\/#primaryimage"},"thumbnailUrl":"https:\/\/shrazvoj.dev-acenta.si\/wp-content\/uploads\/media\/providers\/gallery\/gallery-gorenjski-muzej-bohinjska-bistrica-55954.jpg","datePublished":"2013-09-19T08:31:18+00:00","dateModified":"2026-08-31T12:12:42+00:00","description":"The Gorenjska Museum is a regional museum - Khislstein castle, the Town Hall, the Ossuary and Pre\u0161eren's house, the Toma\u017e Godec Museum and the Alpine Dairy Museum, ..","breadcrumb":{"@id":"https:\/\/shrazvoj.dev-acenta.si\/gorenjski-muzej-kranj\/#breadcrumb"},"inLanguage":"en-GB","potentialAction":[{"@type":"ReadAction","target":["https:\/\/shrazvoj.dev-acenta.si\/gorenjski-muzej-kranj\/"]}]},{"@type":"ImageObject","inLanguage":"en-GB","@id":"https:\/\/shrazvoj.dev-acenta.si\/gorenjski-muzej-kranj\/#primaryimage","url":"https:\/\/shrazvoj.dev-acenta.si\/wp-content\/uploads\/media\/providers\/gallery\/gallery-gorenjski-muzej-bohinjska-bistrica-55954.jpg","contentUrl":"https:\/\/shrazvoj.dev-acenta.si\/wp-content\/uploads\/media\/providers\/gallery\/gallery-gorenjski-muzej-bohinjska-bistrica-55954.jpg","width":640,"height":424},{"@type":"BreadcrumbList","@id":"https:\/\/shrazvoj.dev-acenta.si\/gorenjski-muzej-kranj\/#breadcrumb","itemListElement":[{"@type":"ListItem","position":1,"name":"Home","item":"https:\/\/shrazvoj.dev-acenta.si\/"},{"@type":"ListItem","position":2,"name":"Do\u017eivetja","item":"https:\/\/shrazvoj.dev-acenta.si\/dozivetja\/"},{"@type":"ListItem","position":3,"name":"Gorenjski muzej"}]},{"@type":"WebSite","@id":"https:\/\/shrazvoj.dev-acenta.si\/#website","url":"https:\/\/shrazvoj.dev-acenta.si\/","name":"Sloveniaholidays.com","description":"","potentialAction":[{"@type":"SearchAction","target":{"@type":"EntryPoint","urlTemplate":"https:\/\/shrazvoj.dev-acenta.si\/?s={search_term_string}"},"query-input":{"@type":"PropertyValueSpecification","valueRequired":true,"valueName":"search_term_string"}}],"inLanguage":"en-GB"}]}},"_links":{"self":[{"href":"https:\/\/shrazvoj.dev-acenta.si\/en\/wp-json\/wp\/v2\/aktivnost\/66918","targetHints":{"allow":["GET"]}}],"collection":[{"href":"https:\/\/shrazvoj.dev-acenta.si\/en\/wp-json\/wp\/v2\/aktivnost"}],"about":[{"href":"https:\/\/shrazvoj.dev-acenta.si\/en\/wp-json\/wp\/v2\/types\/aktivnost"}],"wp:featuredmedia":[{"embeddable":true,"href":"https:\/\/shrazvoj.dev-acenta.si\/en\/wp-json\/wp\/v2\/media\/67863"}],"wp:attachment":[{"href":"https:\/\/shrazvoj.dev-acenta.si\/en\/wp-json\/wp\/v2\/media?parent=66918"}],"wp:term":[{"taxonomy":"category","embeddable":true,"href":"https:\/\/shrazvoj.dev-acenta.si\/en\/wp-json\/wp\/v2\/categories?post=66918"},{"taxonomy":"post_tag","embeddable":true,"href":"https:\/\/shrazvoj.dev-acenta.si\/en\/wp-json\/wp\/v2\/tags?post=66918"},{"taxonomy":"kraj","embeddable":true,"href":"https:\/\/shrazvoj.dev-acenta.si\/en\/wp-json\/wp\/v2\/kraj?post=66918"},{"taxonomy":"regija","embeddable":true,"href":"https:\/\/shrazvoj.dev-acenta.si\/en\/wp-json\/wp\/v2\/regija?post=66918"}],"curies":[{"name":"wp","href":"https:\/\/api.w.org\/{rel}","templated":true}]}}