{"id":24569,"date":"2013-11-27T12:57:13","date_gmt":"2013-11-27T11:57:13","guid":{"rendered":"https:\/\/shrazvoj.dev-acenta.si\/nastanitev\/apartmaji-trata-kranjska-gora\/"},"modified":"2026-07-20T23:05:18","modified_gmt":"2026-07-20T21:05:18","slug":"apartment-trata-kranjska-gora","status":"publish","type":"nastanitev","link":"https:\/\/shrazvoj.dev-acenta.si\/de\/apartmaji-trata-kranjska-gora\/","title":{"rendered":"Apartments Trata"},"content":{"rendered":"<p>&nbsp;<\/p>\n<p>Die Apartments Trata sind ein freistehendes Haus in ruhiger Lage, geeignet f\u00fcr Familien, Paare und geschlossene Gesellschaften. Im Haus befinden sich drei ger\u00e4umige und komfortabel eingerichtete Apartments, die alles bieten, was Sie f\u00fcr einen sorglosen Urlaub brauchen. <\/p>\n<p><img loading=\"lazy\" decoding=\"async\" src=\"https:\/\/shrazvoj.dev-acenta.si\/wp-content\/uploads\/media\/clients\/inline\/Image-dsc_0977.jpg\" width=\"680\" height=\"456\"><\/p>\n<p>&nbsp;<\/p>\n<p>&nbsp;<\/p>\n<p>Jedes <strong>Apartment<\/strong> hat eine gewisse Besonderheit &ndash; seien es antike M\u00f6bel, handgefertigte Details oder einfach das Spiel mit den Farben. Auf der Wiese neben dem Haus steht ein Gartenh\u00e4uschen mit Grill, von dem aus Ihr Blick unwillk\u00fcrlich zum wundersch\u00f6nen Berg \u0160pik abschweift. <\/p>\n<p><img loading=\"lazy\" decoding=\"async\" src=\"https:\/\/shrazvoj.dev-acenta.si\/wp-content\/uploads\/media\/clients\/inline\/Image-dsc_0976.jpg\" width=\"680\" height=\"471\"><\/p>\n<p>Hier k\u00f6nnen Sie in Ruhe das Mittagessen zubereiten und sich mit Freunden unterhalten, w\u00e4hrend die Kinder auf der Wiese genug Platz zum unbeschwerten Spielen und Entdecken haben. Auch Liegest\u00fchle stehen Ihnen zur Verf\u00fcgung. F\u00fcr diejenigen, die sich einen Urlaub ohne Computer nicht leisten k\u00f6nnen, ist mit einer drahtlosen Internetverbindung (Wi-Fi) gesorgt. Willkommen sind auch Ihre Haustiere.<\/p>\n<p><img loading=\"lazy\" decoding=\"async\" src=\"https:\/\/shrazvoj.dev-acenta.si\/wp-content\/uploads\/media\/clients\/inline\/Image-trata-2-017.jpg\" width=\"680\" height=\"456\"><\/p>\n<p>Es stehen 6 Parkpl\u00e4tze zur Verf\u00fcgung.<\/p>\n<p>&nbsp;<\/p>\n<p><img loading=\"lazy\" decoding=\"async\" src=\"https:\/\/shrazvoj.dev-acenta.si\/wp-content\/uploads\/media\/clients\/inline\/Image-2015-02-02_122136.jpg\" width=\"680\" height=\"456\"><\/p>\n<p>&nbsp;<\/p>\n<p>&nbsp;<\/p>","protected":false},"featured_media":42282,"template":"","meta":{"_acf_changed":false,"_breakdance_hide_in_design_set":false,"_breakdance_tags":""},"categories":[716,712],"kraj":[2750],"regija":[2456],"class_list":["post-24569","nastanitev","type-nastanitev","status-publish","has-post-thumbnail","hentry","category-apartmaji","category-namestitve","kraj-gozd-martuljek","regija-gorenjska"],"acf":[],"yoast_head":"<!-- This site is optimized with the Yoast SEO plugin v28.3 - https:\/\/yoast.com\/product\/yoast-seo-wordpress\/ -->\n<title>Apartmaji Trata - Sloveniaholidays.com<\/title>\n<meta name=\"description\" content=\"Apartmaji Trata Gozd Martuljek se nahajajo v zasebni apartmajski hi\u0161i. Primerni so za dru\u017eine in zaklju\u010dene dru\u017ebe, ki i\u0161\u010dejo mirno lokacijo.\" \/>\n<meta name=\"robots\" content=\"noindex, follow, max-snippet:-1, max-image-preview:large, max-video-preview:-1\" \/>\n<meta property=\"og:locale\" content=\"de_DE\" \/>\n<meta property=\"og:type\" content=\"article\" \/>\n<meta property=\"og:title\" content=\"Apartmaji Trata - Sloveniaholidays.com\" \/>\n<meta property=\"og:description\" content=\"Apartmaji Trata Gozd Martuljek se nahajajo v zasebni apartmajski hi\u0161i. Primerni so za dru\u017eine in zaklju\u010dene dru\u017ebe, ki i\u0161\u010dejo mirno lokacijo.\" \/>\n<meta property=\"og:url\" content=\"https:\/\/shrazvoj.dev-acenta.si\/de\/unterkuenfte\/apartment-trata-kranjska-gora\/\" \/>\n<meta property=\"og:site_name\" content=\"Sloveniaholidays.com\" \/>\n<meta property=\"article:modified_time\" content=\"2026-07-20T21:05:18+00:00\" \/>\n<meta property=\"og:image\" content=\"https:\/\/shrazvoj.dev-acenta.si\/wp-content\/uploads\/media\/clients\/gallery\/gallery-apartmaji-trata-gozd-martuljek-73712.jpg\" \/>\n\t<meta property=\"og:image:width\" content=\"800\" \/>\n\t<meta property=\"og:image:height\" content=\"536\" \/>\n\t<meta property=\"og:image:type\" content=\"image\/jpeg\" \/>\n<meta name=\"twitter:card\" content=\"summary_large_image\" \/>\n<meta name=\"twitter:label1\" content=\"Est. reading time\" \/>\n\t<meta name=\"twitter:data1\" content=\"1\u00a0Minute\" \/>\n<script type=\"application\/ld+json\" class=\"yoast-schema-graph\">{\"@context\":\"https:\\\/\\\/schema.org\",\"@graph\":[{\"@type\":\"WebPage\",\"@id\":\"https:\\\/\\\/shrazvoj.dev-acenta.si\\\/namestitve\\\/apartmaji-trata-kranjska-gora\\\/\",\"url\":\"https:\\\/\\\/shrazvoj.dev-acenta.si\\\/namestitve\\\/apartmaji-trata-kranjska-gora\\\/\",\"name\":\"Apartmaji Trata - Sloveniaholidays.com\",\"isPartOf\":{\"@id\":\"https:\\\/\\\/shrazvoj.dev-acenta.si\\\/#website\"},\"primaryImageOfPage\":{\"@id\":\"https:\\\/\\\/shrazvoj.dev-acenta.si\\\/namestitve\\\/apartmaji-trata-kranjska-gora\\\/#primaryimage\"},\"image\":{\"@id\":\"https:\\\/\\\/shrazvoj.dev-acenta.si\\\/namestitve\\\/apartmaji-trata-kranjska-gora\\\/#primaryimage\"},\"thumbnailUrl\":\"https:\\\/\\\/shrazvoj.dev-acenta.si\\\/wp-content\\\/uploads\\\/media\\\/clients\\\/gallery\\\/gallery-apartmaji-trata-gozd-martuljek-73712.jpg\",\"datePublished\":\"2013-11-27T11:57:13+00:00\",\"dateModified\":\"2026-07-20T21:05:18+00:00\",\"description\":\"Apartmaji Trata Gozd Martuljek se nahajajo v zasebni apartmajski hi\u0161i. Primerni so za dru\u017eine in zaklju\u010dene dru\u017ebe, ki i\u0161\u010dejo mirno lokacijo.\",\"breadcrumb\":{\"@id\":\"https:\\\/\\\/shrazvoj.dev-acenta.si\\\/namestitve\\\/apartmaji-trata-kranjska-gora\\\/#breadcrumb\"},\"inLanguage\":\"de\",\"potentialAction\":[{\"@type\":\"ReadAction\",\"target\":[\"https:\\\/\\\/shrazvoj.dev-acenta.si\\\/namestitve\\\/apartmaji-trata-kranjska-gora\\\/\"]}]},{\"@type\":\"ImageObject\",\"inLanguage\":\"de\",\"@id\":\"https:\\\/\\\/shrazvoj.dev-acenta.si\\\/namestitve\\\/apartmaji-trata-kranjska-gora\\\/#primaryimage\",\"url\":\"https:\\\/\\\/shrazvoj.dev-acenta.si\\\/wp-content\\\/uploads\\\/media\\\/clients\\\/gallery\\\/gallery-apartmaji-trata-gozd-martuljek-73712.jpg\",\"contentUrl\":\"https:\\\/\\\/shrazvoj.dev-acenta.si\\\/wp-content\\\/uploads\\\/media\\\/clients\\\/gallery\\\/gallery-apartmaji-trata-gozd-martuljek-73712.jpg\",\"width\":800,\"height\":536},{\"@type\":\"BreadcrumbList\",\"@id\":\"https:\\\/\\\/shrazvoj.dev-acenta.si\\\/namestitve\\\/apartmaji-trata-kranjska-gora\\\/#breadcrumb\",\"itemListElement\":[{\"@type\":\"ListItem\",\"position\":1,\"name\":\"Home\",\"item\":\"https:\\\/\\\/shrazvoj.dev-acenta.si\\\/\"},{\"@type\":\"ListItem\",\"position\":2,\"name\":\"Namestitve\",\"item\":\"https:\\\/\\\/shrazvoj.dev-acenta.si\\\/namestitve\\\/\"},{\"@type\":\"ListItem\",\"position\":3,\"name\":\"Apartmaji Trata\"}]},{\"@type\":\"WebSite\",\"@id\":\"https:\\\/\\\/shrazvoj.dev-acenta.si\\\/#website\",\"url\":\"https:\\\/\\\/shrazvoj.dev-acenta.si\\\/\",\"name\":\"Sloveniaholidays.com\",\"description\":\"\",\"potentialAction\":[{\"@type\":\"SearchAction\",\"target\":{\"@type\":\"EntryPoint\",\"urlTemplate\":\"https:\\\/\\\/shrazvoj.dev-acenta.si\\\/?s={search_term_string}\"},\"query-input\":{\"@type\":\"PropertyValueSpecification\",\"valueRequired\":true,\"valueName\":\"search_term_string\"}}],\"inLanguage\":\"de\"}]}<\/script>\n<!-- \/ Yoast SEO plugin. -->","yoast_head_json":{"title":"Apartments Trata - Sloveniaholidays.com","description":"Die Apartments Trata Gozd Martuljek befinden sich in einem privaten Apartmenthaus. Sie eignen sich f\u00fcr Familien und geschlossene Gesellschaften, die eine ruhige Lage suchen.","robots":{"index":"noindex","follow":"follow","max-snippet":"max-snippet:-1","max-image-preview":"max-image-preview:large","max-video-preview":"max-video-preview:-1"},"og_locale":"de_DE","og_type":"article","og_title":"Apartmaji Trata - Sloveniaholidays.com","og_description":"Apartmaji Trata Gozd Martuljek se nahajajo v zasebni apartmajski hi\u0161i. Primerni so za dru\u017eine in zaklju\u010dene dru\u017ebe, ki i\u0161\u010dejo mirno lokacijo.","og_url":"https:\/\/shrazvoj.dev-acenta.si\/de\/unterkuenfte\/apartment-trata-kranjska-gora\/","og_site_name":"Sloveniaholidays.com","article_modified_time":"2026-07-20T21:05:18+00:00","og_image":[{"width":800,"height":536,"url":"https:\/\/shrazvoj.dev-acenta.si\/wp-content\/uploads\/media\/clients\/gallery\/gallery-apartmaji-trata-gozd-martuljek-73712.jpg","type":"image\/jpeg"}],"twitter_card":"summary_large_image","twitter_misc":{"Est. reading time":"1\u00a0Minute"},"schema":{"@context":"https:\/\/schema.org","@graph":[{"@type":"WebPage","@id":"https:\/\/shrazvoj.dev-acenta.si\/namestitve\/apartmaji-trata-kranjska-gora\/","url":"https:\/\/shrazvoj.dev-acenta.si\/namestitve\/apartmaji-trata-kranjska-gora\/","name":"Apartments Trata - Sloveniaholidays.com","isPartOf":{"@id":"https:\/\/shrazvoj.dev-acenta.si\/#website"},"primaryImageOfPage":{"@id":"https:\/\/shrazvoj.dev-acenta.si\/namestitve\/apartmaji-trata-kranjska-gora\/#primaryimage"},"image":{"@id":"https:\/\/shrazvoj.dev-acenta.si\/namestitve\/apartmaji-trata-kranjska-gora\/#primaryimage"},"thumbnailUrl":"https:\/\/shrazvoj.dev-acenta.si\/wp-content\/uploads\/media\/clients\/gallery\/gallery-apartmaji-trata-gozd-martuljek-73712.jpg","datePublished":"2013-11-27T11:57:13+00:00","dateModified":"2026-07-20T21:05:18+00:00","description":"Die Apartments Trata Gozd Martuljek befinden sich in einem privaten Apartmenthaus. Sie eignen sich f\u00fcr Familien und geschlossene Gesellschaften, die eine ruhige Lage suchen.","breadcrumb":{"@id":"https:\/\/shrazvoj.dev-acenta.si\/namestitve\/apartmaji-trata-kranjska-gora\/#breadcrumb"},"inLanguage":"de","potentialAction":[{"@type":"ReadAction","target":["https:\/\/shrazvoj.dev-acenta.si\/namestitve\/apartmaji-trata-kranjska-gora\/"]}]},{"@type":"ImageObject","inLanguage":"de","@id":"https:\/\/shrazvoj.dev-acenta.si\/namestitve\/apartmaji-trata-kranjska-gora\/#primaryimage","url":"https:\/\/shrazvoj.dev-acenta.si\/wp-content\/uploads\/media\/clients\/gallery\/gallery-apartmaji-trata-gozd-martuljek-73712.jpg","contentUrl":"https:\/\/shrazvoj.dev-acenta.si\/wp-content\/uploads\/media\/clients\/gallery\/gallery-apartmaji-trata-gozd-martuljek-73712.jpg","width":800,"height":536},{"@type":"BreadcrumbList","@id":"https:\/\/shrazvoj.dev-acenta.si\/namestitve\/apartmaji-trata-kranjska-gora\/#breadcrumb","itemListElement":[{"@type":"ListItem","position":1,"name":"Home","item":"https:\/\/shrazvoj.dev-acenta.si\/"},{"@type":"ListItem","position":2,"name":"Namestitve","item":"https:\/\/shrazvoj.dev-acenta.si\/namestitve\/"},{"@type":"ListItem","position":3,"name":"Apartmaji Trata"}]},{"@type":"WebSite","@id":"https:\/\/shrazvoj.dev-acenta.si\/#website","url":"https:\/\/shrazvoj.dev-acenta.si\/","name":"Sloveniaholidays.com","description":"","potentialAction":[{"@type":"SearchAction","target":{"@type":"EntryPoint","urlTemplate":"https:\/\/shrazvoj.dev-acenta.si\/?s={search_term_string}"},"query-input":{"@type":"PropertyValueSpecification","valueRequired":true,"valueName":"search_term_string"}}],"inLanguage":"de"}]}},"_links":{"self":[{"href":"https:\/\/shrazvoj.dev-acenta.si\/de\/wp-json\/wp\/v2\/nastanitev\/24569","targetHints":{"allow":["GET"]}}],"collection":[{"href":"https:\/\/shrazvoj.dev-acenta.si\/de\/wp-json\/wp\/v2\/nastanitev"}],"about":[{"href":"https:\/\/shrazvoj.dev-acenta.si\/de\/wp-json\/wp\/v2\/types\/nastanitev"}],"wp:featuredmedia":[{"embeddable":true,"href":"https:\/\/shrazvoj.dev-acenta.si\/de\/wp-json\/wp\/v2\/media\/42282"}],"wp:attachment":[{"href":"https:\/\/shrazvoj.dev-acenta.si\/de\/wp-json\/wp\/v2\/media?parent=24569"}],"wp:term":[{"taxonomy":"category","embeddable":true,"href":"https:\/\/shrazvoj.dev-acenta.si\/de\/wp-json\/wp\/v2\/categories?post=24569"},{"taxonomy":"kraj","embeddable":true,"href":"https:\/\/shrazvoj.dev-acenta.si\/de\/wp-json\/wp\/v2\/kraj?post=24569"},{"taxonomy":"regija","embeddable":true,"href":"https:\/\/shrazvoj.dev-acenta.si\/de\/wp-json\/wp\/v2\/regija?post=24569"}],"curies":[{"name":"wp","href":"https:\/\/api.w.org\/{rel}","templated":true}]}}