{"id":66843,"date":"2008-11-23T13:22:00","date_gmt":"2008-11-23T12:22:00","guid":{"rendered":"https:\/\/shrazvoj.dev-acenta.si\/aktivnost\/loski-grad-skofja-loka\/"},"modified":"2026-08-31T14:01:01","modified_gmt":"2026-08-31T12:01:01","slug":"schloss-loski-grad-skofja-loka","status":"publish","type":"aktivnost","link":"https:\/\/shrazvoj.dev-acenta.si\/de\/loski-grad-skofja-loka\/","title":{"rendered":"Burg Loka"},"content":{"rendered":"<p>Schon seit 1215 wacht \u00fcber \u0160kofja Loka, dem Ort am Zusammenfluss der Sel\u0161ka und der Poljanska Sora, eine m\u00e4chtige Festung. Die urspr\u00fcngliche Burg, die die Freisinger Bisch\u00f6fe errichteten, wurde beim Erdbeben von 1511 schwer besch\u00e4digt. <\/p>\n<p>&nbsp;<\/p>\n<p>Man restaurierte ihn gr\u00fcndlich, baute die Schlosskapelle an und errichtete sp\u00e4ter noch einen neuen Trakt mit Saal und verband ihn \u00fcber Treppenbauten mit dem Kloster. Im Schloss wohnten die Ursulinen, es befand sich darin eine M\u00e4dchenschule, heute sind darin das Museum von Loka und das Postmuseum untergebracht. <\/p>\n<p>&nbsp;<\/p>\n<p>Die Sammlungen des Loka-Museums zeigen das historische, kunsthistorische, kulturelle, ethnologische und nat\u00fcrliche Erbe des Gebiets von \u0160kofja Loka.<\/p>","protected":false},"featured_media":68920,"template":"","meta":{"_acf_changed":false,"_breakdance_hide_in_design_set":false,"_breakdance_tags":""},"categories":[2977,2976,3145],"tags":[],"kraj":[2772],"regija":[2456],"class_list":["post-66843","aktivnost","type-aktivnost","status-publish","has-post-thumbnail","hentry","category-gradovi","category-kultura-zgodovina","category-vsa-dozivetja","kraj-skofja-loka","regija-gorenjska"],"acf":[],"yoast_head":"<!-- This site is optimized with the Yoast SEO plugin v28.3 - https:\/\/yoast.com\/product\/yoast-seo-wordpress\/ -->\n<title>Lo\u0161ki grad - Sloveniaholidays.com<\/title>\n<meta name=\"description\" content=\"\u017de od leta 1215 nad \u0160kofjo Loko, krajem na soto\u010dju Sel\u0161ke in Poljanske Sore, bdi mogo\u010dna utrdba. Prvotni grad, ki so ga postavili freisin\u0161ki \u0161kofje, je bil v...\" \/>\n<meta name=\"robots\" content=\"noindex, follow, max-snippet:-1, max-image-preview:large, max-video-preview:-1\" \/>\n<meta property=\"og:locale\" content=\"de_DE\" \/>\n<meta property=\"og:type\" content=\"article\" \/>\n<meta property=\"og:title\" content=\"Lo\u0161ki grad - Sloveniaholidays.com\" \/>\n<meta property=\"og:description\" content=\"\u017de od leta 1215 nad \u0160kofjo Loko, krajem na soto\u010dju Sel\u0161ke in Poljanske Sore, bdi mogo\u010dna utrdba. Prvotni grad, ki so ga postavili freisin\u0161ki \u0161kofje, je bil v...\" \/>\n<meta property=\"og:url\" content=\"https:\/\/shrazvoj.dev-acenta.si\/de\/schloss-loski-grad-skofja-loka\/\" \/>\n<meta property=\"og:site_name\" content=\"Sloveniaholidays.com\" \/>\n<meta property=\"article:modified_time\" content=\"2026-08-31T12:01:01+00:00\" \/>\n<meta property=\"og:image\" content=\"https:\/\/shrazvoj.dev-acenta.si\/wp-content\/uploads\/2026\/08\/aktivnost-loski-grad-2026-08-18.jpg\" \/>\n\t<meta property=\"og:image:width\" content=\"1920\" \/>\n\t<meta property=\"og:image:height\" content=\"1152\" \/>\n\t<meta property=\"og:image:type\" content=\"image\/jpeg\" \/>\n<meta name=\"twitter:card\" content=\"summary_large_image\" \/>\n<meta name=\"twitter:label1\" content=\"Est. reading time\" \/>\n\t<meta name=\"twitter:data1\" content=\"1\u00a0Minute\" \/>\n<script type=\"application\/ld+json\" class=\"yoast-schema-graph\">{\"@context\":\"https:\\\/\\\/schema.org\",\"@graph\":[{\"@type\":\"WebPage\",\"@id\":\"https:\\\/\\\/shrazvoj.dev-acenta.si\\\/loski-grad-skofja-loka\\\/\",\"url\":\"https:\\\/\\\/shrazvoj.dev-acenta.si\\\/loski-grad-skofja-loka\\\/\",\"name\":\"Lo\u0161ki grad - Sloveniaholidays.com\",\"isPartOf\":{\"@id\":\"https:\\\/\\\/shrazvoj.dev-acenta.si\\\/#website\"},\"primaryImageOfPage\":{\"@id\":\"https:\\\/\\\/shrazvoj.dev-acenta.si\\\/loski-grad-skofja-loka\\\/#primaryimage\"},\"image\":{\"@id\":\"https:\\\/\\\/shrazvoj.dev-acenta.si\\\/loski-grad-skofja-loka\\\/#primaryimage\"},\"thumbnailUrl\":\"https:\\\/\\\/shrazvoj.dev-acenta.si\\\/wp-content\\\/uploads\\\/2026\\\/08\\\/aktivnost-loski-grad-2026-08-18.jpg\",\"datePublished\":\"2008-11-23T12:22:00+00:00\",\"dateModified\":\"2026-08-31T12:01:01+00:00\",\"description\":\"\u017de od leta 1215 nad \u0160kofjo Loko, krajem na soto\u010dju Sel\u0161ke in Poljanske Sore, bdi mogo\u010dna utrdba. Prvotni grad, ki so ga postavili freisin\u0161ki \u0161kofje, je bil v...\",\"breadcrumb\":{\"@id\":\"https:\\\/\\\/shrazvoj.dev-acenta.si\\\/loski-grad-skofja-loka\\\/#breadcrumb\"},\"inLanguage\":\"de\",\"potentialAction\":[{\"@type\":\"ReadAction\",\"target\":[\"https:\\\/\\\/shrazvoj.dev-acenta.si\\\/loski-grad-skofja-loka\\\/\"]}]},{\"@type\":\"ImageObject\",\"inLanguage\":\"de\",\"@id\":\"https:\\\/\\\/shrazvoj.dev-acenta.si\\\/loski-grad-skofja-loka\\\/#primaryimage\",\"url\":\"https:\\\/\\\/shrazvoj.dev-acenta.si\\\/wp-content\\\/uploads\\\/2026\\\/08\\\/aktivnost-loski-grad-2026-08-18.jpg\",\"contentUrl\":\"https:\\\/\\\/shrazvoj.dev-acenta.si\\\/wp-content\\\/uploads\\\/2026\\\/08\\\/aktivnost-loski-grad-2026-08-18.jpg\",\"width\":1920,\"height\":1152,\"caption\":\"Foto: Jorge Franganillo (CC BY 2.0), Wikimedia Commons\"},{\"@type\":\"BreadcrumbList\",\"@id\":\"https:\\\/\\\/shrazvoj.dev-acenta.si\\\/loski-grad-skofja-loka\\\/#breadcrumb\",\"itemListElement\":[{\"@type\":\"ListItem\",\"position\":1,\"name\":\"Home\",\"item\":\"https:\\\/\\\/shrazvoj.dev-acenta.si\\\/\"},{\"@type\":\"ListItem\",\"position\":2,\"name\":\"Do\u017eivetja\",\"item\":\"https:\\\/\\\/shrazvoj.dev-acenta.si\\\/dozivetja\\\/\"},{\"@type\":\"ListItem\",\"position\":3,\"name\":\"Lo\u0161ki grad\"}]},{\"@type\":\"WebSite\",\"@id\":\"https:\\\/\\\/shrazvoj.dev-acenta.si\\\/#website\",\"url\":\"https:\\\/\\\/shrazvoj.dev-acenta.si\\\/\",\"name\":\"Sloveniaholidays.com\",\"description\":\"\",\"potentialAction\":[{\"@type\":\"SearchAction\",\"target\":{\"@type\":\"EntryPoint\",\"urlTemplate\":\"https:\\\/\\\/shrazvoj.dev-acenta.si\\\/?s={search_term_string}\"},\"query-input\":{\"@type\":\"PropertyValueSpecification\",\"valueRequired\":true,\"valueName\":\"search_term_string\"}}],\"inLanguage\":\"de\"}]}<\/script>\n<!-- \/ Yoast SEO plugin. -->","yoast_head_json":{"title":"Burg \u0160kofja Loka - Sloveniaholidays.com","description":"Schon seit 1215 wacht \u00fcber \u0160kofja Loka, dem Ort am Zusammenfluss der Sel\u0161ka und der Poljanska Sora, eine m\u00e4chtige Festung. Die urspr\u00fcngliche Burg, die die Freisinger Bisch\u00f6fe errichteten, wurde bei...","robots":{"index":"noindex","follow":"follow","max-snippet":"max-snippet:-1","max-image-preview":"max-image-preview:large","max-video-preview":"max-video-preview:-1"},"og_locale":"de_DE","og_type":"article","og_title":"Lo\u0161ki grad - Sloveniaholidays.com","og_description":"\u017de od leta 1215 nad \u0160kofjo Loko, krajem na soto\u010dju Sel\u0161ke in Poljanske Sore, bdi mogo\u010dna utrdba. Prvotni grad, ki so ga postavili freisin\u0161ki \u0161kofje, je bil v...","og_url":"https:\/\/shrazvoj.dev-acenta.si\/de\/schloss-loski-grad-skofja-loka\/","og_site_name":"Sloveniaholidays.com","article_modified_time":"2026-08-31T12:01:01+00:00","og_image":[{"width":1920,"height":1152,"url":"https:\/\/shrazvoj.dev-acenta.si\/wp-content\/uploads\/2026\/08\/aktivnost-loski-grad-2026-08-18.jpg","type":"image\/jpeg"}],"twitter_card":"summary_large_image","twitter_misc":{"Est. reading time":"1\u00a0Minute"},"schema":{"@context":"https:\/\/schema.org","@graph":[{"@type":"WebPage","@id":"https:\/\/shrazvoj.dev-acenta.si\/loski-grad-skofja-loka\/","url":"https:\/\/shrazvoj.dev-acenta.si\/loski-grad-skofja-loka\/","name":"Burg \u0160kofja Loka - Sloveniaholidays.com","isPartOf":{"@id":"https:\/\/shrazvoj.dev-acenta.si\/#website"},"primaryImageOfPage":{"@id":"https:\/\/shrazvoj.dev-acenta.si\/loski-grad-skofja-loka\/#primaryimage"},"image":{"@id":"https:\/\/shrazvoj.dev-acenta.si\/loski-grad-skofja-loka\/#primaryimage"},"thumbnailUrl":"https:\/\/shrazvoj.dev-acenta.si\/wp-content\/uploads\/2026\/08\/aktivnost-loski-grad-2026-08-18.jpg","datePublished":"2008-11-23T12:22:00+00:00","dateModified":"2026-08-31T12:01:01+00:00","description":"Schon seit 1215 wacht \u00fcber \u0160kofja Loka, dem Ort am Zusammenfluss der Sel\u0161ka und der Poljanska Sora, eine m\u00e4chtige Festung. Die urspr\u00fcngliche Burg, die die Freisinger Bisch\u00f6fe errichteten, wurde bei...","breadcrumb":{"@id":"https:\/\/shrazvoj.dev-acenta.si\/loski-grad-skofja-loka\/#breadcrumb"},"inLanguage":"de","potentialAction":[{"@type":"ReadAction","target":["https:\/\/shrazvoj.dev-acenta.si\/loski-grad-skofja-loka\/"]}]},{"@type":"ImageObject","inLanguage":"de","@id":"https:\/\/shrazvoj.dev-acenta.si\/loski-grad-skofja-loka\/#primaryimage","url":"https:\/\/shrazvoj.dev-acenta.si\/wp-content\/uploads\/2026\/08\/aktivnost-loski-grad-2026-08-18.jpg","contentUrl":"https:\/\/shrazvoj.dev-acenta.si\/wp-content\/uploads\/2026\/08\/aktivnost-loski-grad-2026-08-18.jpg","width":1920,"height":1152,"caption":"Foto: Jorge Franganillo (CC BY 2.0), Wikimedia Commons"},{"@type":"BreadcrumbList","@id":"https:\/\/shrazvoj.dev-acenta.si\/loski-grad-skofja-loka\/#breadcrumb","itemListElement":[{"@type":"ListItem","position":1,"name":"Home","item":"https:\/\/shrazvoj.dev-acenta.si\/"},{"@type":"ListItem","position":2,"name":"Do\u017eivetja","item":"https:\/\/shrazvoj.dev-acenta.si\/dozivetja\/"},{"@type":"ListItem","position":3,"name":"Lo\u0161ki grad"}]},{"@type":"WebSite","@id":"https:\/\/shrazvoj.dev-acenta.si\/#website","url":"https:\/\/shrazvoj.dev-acenta.si\/","name":"Sloveniaholidays.com","description":"","potentialAction":[{"@type":"SearchAction","target":{"@type":"EntryPoint","urlTemplate":"https:\/\/shrazvoj.dev-acenta.si\/?s={search_term_string}"},"query-input":{"@type":"PropertyValueSpecification","valueRequired":true,"valueName":"search_term_string"}}],"inLanguage":"de"}]}},"_links":{"self":[{"href":"https:\/\/shrazvoj.dev-acenta.si\/de\/wp-json\/wp\/v2\/aktivnost\/66843","targetHints":{"allow":["GET"]}}],"collection":[{"href":"https:\/\/shrazvoj.dev-acenta.si\/de\/wp-json\/wp\/v2\/aktivnost"}],"about":[{"href":"https:\/\/shrazvoj.dev-acenta.si\/de\/wp-json\/wp\/v2\/types\/aktivnost"}],"wp:featuredmedia":[{"embeddable":true,"href":"https:\/\/shrazvoj.dev-acenta.si\/de\/wp-json\/wp\/v2\/media\/68920"}],"wp:attachment":[{"href":"https:\/\/shrazvoj.dev-acenta.si\/de\/wp-json\/wp\/v2\/media?parent=66843"}],"wp:term":[{"taxonomy":"category","embeddable":true,"href":"https:\/\/shrazvoj.dev-acenta.si\/de\/wp-json\/wp\/v2\/categories?post=66843"},{"taxonomy":"post_tag","embeddable":true,"href":"https:\/\/shrazvoj.dev-acenta.si\/de\/wp-json\/wp\/v2\/tags?post=66843"},{"taxonomy":"kraj","embeddable":true,"href":"https:\/\/shrazvoj.dev-acenta.si\/de\/wp-json\/wp\/v2\/kraj?post=66843"},{"taxonomy":"regija","embeddable":true,"href":"https:\/\/shrazvoj.dev-acenta.si\/de\/wp-json\/wp\/v2\/regija?post=66843"}],"curies":[{"name":"wp","href":"https:\/\/api.w.org\/{rel}","templated":true}]}}