{"id":66841,"date":"2008-11-23T13:12:16","date_gmt":"2008-11-23T12:12:16","guid":{"rendered":"https:\/\/shrazvoj.dev-acenta.si\/aktivnost\/radovljica-staro-mestno-jedro-radovljica\/"},"modified":"2026-08-31T14:00:59","modified_gmt":"2026-08-31T12:00:59","slug":"radovljica-altstadtkern","status":"publish","type":"aktivnost","link":"https:\/\/shrazvoj.dev-acenta.si\/de\/radovljica-staro-mestno-jedro-radovljica\/","title":{"rendered":"Radovljica-Altstadtkern"},"content":{"rendered":"<p>Historische Quellen f\u00fchren die erste Erw\u00e4hnung von Radovljica bereits im Jahr 1169 an. Im alten Stadtkern sind Elemente sp\u00e4tgotischer und Renaissancearchitektur mit vielen Details an den Hausfassaden erhalten, eine Besonderheit stellen die gr\u00fcnlichen Steinelemente aus vulkanischem Gestein dar, das in einem nahe gelegenen Steinbruch gewonnen wurde. <\/p>\n<p>&nbsp;<\/p>\n<p>Die alten B\u00fcrgerh\u00e4user an der zentralen Stadtstra\u00dfe, die sich im mittelalterlichen Kern zu einem rechteckigen Platz weitet, verleihen der Stadt einen Hauch vergangener Jahrhunderte. Mitten am Platz steht das Schloss Thurn, dessen Fassade reichen figuralen Stuck tr\u00e4gt.<\/p>\n<p>&nbsp;<\/p>\n<p>Das Bild des Platzes erg\u00e4nzen noch die Kirche des hl. Petrus, die wegen der erhaltenen T\u00fcrme und Mauern den Eindruck eines Wehrturms erweckt, sowie der Pfarrhof mit Arkadeng\u00e4ngen aus dem 16. Jahrhundert. Radovljica ist Linharts Stadt, eine Stadt der Kultur, deren Puls zahlreiche Veranstaltungen bestimmen.<\/p>","protected":false},"featured_media":68922,"template":"","meta":{"_acf_changed":false,"_breakdance_hide_in_design_set":false,"_breakdance_tags":""},"categories":[2976,2984,3145],"tags":[],"kraj":[2765],"regija":[2456],"class_list":["post-66841","aktivnost","type-aktivnost","status-publish","has-post-thumbnail","hentry","category-kultura-zgodovina","category-mesta-in-stara-mestna-jedra","category-vsa-dozivetja","kraj-radovljica","regija-gorenjska"],"acf":[],"yoast_head":"<!-- This site is optimized with the Yoast SEO plugin v28.3 - https:\/\/yoast.com\/product\/yoast-seo-wordpress\/ -->\n<title>Radovljica-staro mestno jedro - Sloveniaholidays.com<\/title>\n<meta name=\"description\" content=\"Zgodovinski viri navavajo prvo omembo Radovljice \u017ee leta 1169. V starem mestnem jedru so se ohranile prvine poznogotske in renesan\u010dne arhitekture z mnogimi...\" \/>\n<meta name=\"robots\" content=\"noindex, follow, max-snippet:-1, max-image-preview:large, max-video-preview:-1\" \/>\n<meta property=\"og:locale\" content=\"de_DE\" \/>\n<meta property=\"og:type\" content=\"article\" \/>\n<meta property=\"og:title\" content=\"Radovljica-staro mestno jedro - Sloveniaholidays.com\" \/>\n<meta property=\"og:description\" content=\"Zgodovinski viri navavajo prvo omembo Radovljice \u017ee leta 1169. V starem mestnem jedru so se ohranile prvine poznogotske in renesan\u010dne arhitekture z mnogimi...\" \/>\n<meta property=\"og:url\" content=\"https:\/\/shrazvoj.dev-acenta.si\/de\/radovljica-altstadtkern\/\" \/>\n<meta property=\"og:site_name\" content=\"Sloveniaholidays.com\" \/>\n<meta property=\"article:modified_time\" content=\"2026-08-31T12:00:59+00:00\" \/>\n<meta property=\"og:image\" content=\"https:\/\/shrazvoj.dev-acenta.si\/wp-content\/uploads\/2026\/08\/aktivnost-radovljica-staro-mestno-jedro-2026-08-18.jpg\" \/>\n\t<meta property=\"og:image:width\" content=\"1920\" \/>\n\t<meta property=\"og:image:height\" content=\"1440\" \/>\n\t<meta property=\"og:image:type\" content=\"image\/jpeg\" \/>\n<meta name=\"twitter:card\" content=\"summary_large_image\" \/>\n<meta name=\"twitter:label1\" content=\"Est. reading time\" \/>\n\t<meta name=\"twitter:data1\" content=\"1\u00a0Minute\" \/>\n<script type=\"application\/ld+json\" class=\"yoast-schema-graph\">{\"@context\":\"https:\\\/\\\/schema.org\",\"@graph\":[{\"@type\":\"WebPage\",\"@id\":\"https:\\\/\\\/shrazvoj.dev-acenta.si\\\/radovljica-staro-mestno-jedro-radovljica\\\/\",\"url\":\"https:\\\/\\\/shrazvoj.dev-acenta.si\\\/radovljica-staro-mestno-jedro-radovljica\\\/\",\"name\":\"Radovljica-staro mestno jedro - Sloveniaholidays.com\",\"isPartOf\":{\"@id\":\"https:\\\/\\\/shrazvoj.dev-acenta.si\\\/#website\"},\"primaryImageOfPage\":{\"@id\":\"https:\\\/\\\/shrazvoj.dev-acenta.si\\\/radovljica-staro-mestno-jedro-radovljica\\\/#primaryimage\"},\"image\":{\"@id\":\"https:\\\/\\\/shrazvoj.dev-acenta.si\\\/radovljica-staro-mestno-jedro-radovljica\\\/#primaryimage\"},\"thumbnailUrl\":\"https:\\\/\\\/shrazvoj.dev-acenta.si\\\/wp-content\\\/uploads\\\/2026\\\/08\\\/aktivnost-radovljica-staro-mestno-jedro-2026-08-18.jpg\",\"datePublished\":\"2008-11-23T12:12:16+00:00\",\"dateModified\":\"2026-08-31T12:00:59+00:00\",\"description\":\"Zgodovinski viri navavajo prvo omembo Radovljice \u017ee leta 1169. V starem mestnem jedru so se ohranile prvine poznogotske in renesan\u010dne arhitekture z mnogimi...\",\"breadcrumb\":{\"@id\":\"https:\\\/\\\/shrazvoj.dev-acenta.si\\\/radovljica-staro-mestno-jedro-radovljica\\\/#breadcrumb\"},\"inLanguage\":\"de\",\"potentialAction\":[{\"@type\":\"ReadAction\",\"target\":[\"https:\\\/\\\/shrazvoj.dev-acenta.si\\\/radovljica-staro-mestno-jedro-radovljica\\\/\"]}]},{\"@type\":\"ImageObject\",\"inLanguage\":\"de\",\"@id\":\"https:\\\/\\\/shrazvoj.dev-acenta.si\\\/radovljica-staro-mestno-jedro-radovljica\\\/#primaryimage\",\"url\":\"https:\\\/\\\/shrazvoj.dev-acenta.si\\\/wp-content\\\/uploads\\\/2026\\\/08\\\/aktivnost-radovljica-staro-mestno-jedro-2026-08-18.jpg\",\"contentUrl\":\"https:\\\/\\\/shrazvoj.dev-acenta.si\\\/wp-content\\\/uploads\\\/2026\\\/08\\\/aktivnost-radovljica-staro-mestno-jedro-2026-08-18.jpg\",\"width\":1920,\"height\":1440,\"caption\":\"Foto: lienyuan lee (CC BY 3.0), Wikimedia Commons\"},{\"@type\":\"BreadcrumbList\",\"@id\":\"https:\\\/\\\/shrazvoj.dev-acenta.si\\\/radovljica-staro-mestno-jedro-radovljica\\\/#breadcrumb\",\"itemListElement\":[{\"@type\":\"ListItem\",\"position\":1,\"name\":\"Home\",\"item\":\"https:\\\/\\\/shrazvoj.dev-acenta.si\\\/\"},{\"@type\":\"ListItem\",\"position\":2,\"name\":\"Do\u017eivetja\",\"item\":\"https:\\\/\\\/shrazvoj.dev-acenta.si\\\/dozivetja\\\/\"},{\"@type\":\"ListItem\",\"position\":3,\"name\":\"Radovljica-staro mestno jedro\"}]},{\"@type\":\"WebSite\",\"@id\":\"https:\\\/\\\/shrazvoj.dev-acenta.si\\\/#website\",\"url\":\"https:\\\/\\\/shrazvoj.dev-acenta.si\\\/\",\"name\":\"Sloveniaholidays.com\",\"description\":\"\",\"potentialAction\":[{\"@type\":\"SearchAction\",\"target\":{\"@type\":\"EntryPoint\",\"urlTemplate\":\"https:\\\/\\\/shrazvoj.dev-acenta.si\\\/?s={search_term_string}\"},\"query-input\":{\"@type\":\"PropertyValueSpecification\",\"valueRequired\":true,\"valueName\":\"search_term_string\"}}],\"inLanguage\":\"de\"}]}<\/script>\n<!-- \/ Yoast SEO plugin. -->","yoast_head_json":{"title":"Radovljica-der alte Stadtkern - Sloveniaholidays.com","description":"Historische Quellen f\u00fchren die erste Erw\u00e4hnung von Radovljica bereits im Jahr 1169 an. Im alten Stadtkern haben sich Elemente der sp\u00e4tgotischen und der Renaissance-Architektur erhalten, mit vielen...","robots":{"index":"noindex","follow":"follow","max-snippet":"max-snippet:-1","max-image-preview":"max-image-preview:large","max-video-preview":"max-video-preview:-1"},"og_locale":"de_DE","og_type":"article","og_title":"Radovljica-staro mestno jedro - Sloveniaholidays.com","og_description":"Zgodovinski viri navavajo prvo omembo Radovljice \u017ee leta 1169. V starem mestnem jedru so se ohranile prvine poznogotske in renesan\u010dne arhitekture z mnogimi...","og_url":"https:\/\/shrazvoj.dev-acenta.si\/de\/radovljica-altstadtkern\/","og_site_name":"Sloveniaholidays.com","article_modified_time":"2026-08-31T12:00:59+00:00","og_image":[{"width":1920,"height":1440,"url":"https:\/\/shrazvoj.dev-acenta.si\/wp-content\/uploads\/2026\/08\/aktivnost-radovljica-staro-mestno-jedro-2026-08-18.jpg","type":"image\/jpeg"}],"twitter_card":"summary_large_image","twitter_misc":{"Est. reading time":"1\u00a0Minute"},"schema":{"@context":"https:\/\/schema.org","@graph":[{"@type":"WebPage","@id":"https:\/\/shrazvoj.dev-acenta.si\/radovljica-staro-mestno-jedro-radovljica\/","url":"https:\/\/shrazvoj.dev-acenta.si\/radovljica-staro-mestno-jedro-radovljica\/","name":"Radovljica-der alte Stadtkern - Sloveniaholidays.com","isPartOf":{"@id":"https:\/\/shrazvoj.dev-acenta.si\/#website"},"primaryImageOfPage":{"@id":"https:\/\/shrazvoj.dev-acenta.si\/radovljica-staro-mestno-jedro-radovljica\/#primaryimage"},"image":{"@id":"https:\/\/shrazvoj.dev-acenta.si\/radovljica-staro-mestno-jedro-radovljica\/#primaryimage"},"thumbnailUrl":"https:\/\/shrazvoj.dev-acenta.si\/wp-content\/uploads\/2026\/08\/aktivnost-radovljica-staro-mestno-jedro-2026-08-18.jpg","datePublished":"2008-11-23T12:12:16+00:00","dateModified":"2026-08-31T12:00:59+00:00","description":"Historische Quellen f\u00fchren die erste Erw\u00e4hnung von Radovljica bereits im Jahr 1169 an. Im alten Stadtkern haben sich Elemente der sp\u00e4tgotischen und der Renaissance-Architektur erhalten, mit vielen...","breadcrumb":{"@id":"https:\/\/shrazvoj.dev-acenta.si\/radovljica-staro-mestno-jedro-radovljica\/#breadcrumb"},"inLanguage":"de","potentialAction":[{"@type":"ReadAction","target":["https:\/\/shrazvoj.dev-acenta.si\/radovljica-staro-mestno-jedro-radovljica\/"]}]},{"@type":"ImageObject","inLanguage":"de","@id":"https:\/\/shrazvoj.dev-acenta.si\/radovljica-staro-mestno-jedro-radovljica\/#primaryimage","url":"https:\/\/shrazvoj.dev-acenta.si\/wp-content\/uploads\/2026\/08\/aktivnost-radovljica-staro-mestno-jedro-2026-08-18.jpg","contentUrl":"https:\/\/shrazvoj.dev-acenta.si\/wp-content\/uploads\/2026\/08\/aktivnost-radovljica-staro-mestno-jedro-2026-08-18.jpg","width":1920,"height":1440,"caption":"Foto: lienyuan lee (CC BY 3.0), Wikimedia Commons"},{"@type":"BreadcrumbList","@id":"https:\/\/shrazvoj.dev-acenta.si\/radovljica-staro-mestno-jedro-radovljica\/#breadcrumb","itemListElement":[{"@type":"ListItem","position":1,"name":"Home","item":"https:\/\/shrazvoj.dev-acenta.si\/"},{"@type":"ListItem","position":2,"name":"Do\u017eivetja","item":"https:\/\/shrazvoj.dev-acenta.si\/dozivetja\/"},{"@type":"ListItem","position":3,"name":"Radovljica-staro mestno jedro"}]},{"@type":"WebSite","@id":"https:\/\/shrazvoj.dev-acenta.si\/#website","url":"https:\/\/shrazvoj.dev-acenta.si\/","name":"Sloveniaholidays.com","description":"","potentialAction":[{"@type":"SearchAction","target":{"@type":"EntryPoint","urlTemplate":"https:\/\/shrazvoj.dev-acenta.si\/?s={search_term_string}"},"query-input":{"@type":"PropertyValueSpecification","valueRequired":true,"valueName":"search_term_string"}}],"inLanguage":"de"}]}},"_links":{"self":[{"href":"https:\/\/shrazvoj.dev-acenta.si\/de\/wp-json\/wp\/v2\/aktivnost\/66841","targetHints":{"allow":["GET"]}}],"collection":[{"href":"https:\/\/shrazvoj.dev-acenta.si\/de\/wp-json\/wp\/v2\/aktivnost"}],"about":[{"href":"https:\/\/shrazvoj.dev-acenta.si\/de\/wp-json\/wp\/v2\/types\/aktivnost"}],"wp:featuredmedia":[{"embeddable":true,"href":"https:\/\/shrazvoj.dev-acenta.si\/de\/wp-json\/wp\/v2\/media\/68922"}],"wp:attachment":[{"href":"https:\/\/shrazvoj.dev-acenta.si\/de\/wp-json\/wp\/v2\/media?parent=66841"}],"wp:term":[{"taxonomy":"category","embeddable":true,"href":"https:\/\/shrazvoj.dev-acenta.si\/de\/wp-json\/wp\/v2\/categories?post=66841"},{"taxonomy":"post_tag","embeddable":true,"href":"https:\/\/shrazvoj.dev-acenta.si\/de\/wp-json\/wp\/v2\/tags?post=66841"},{"taxonomy":"kraj","embeddable":true,"href":"https:\/\/shrazvoj.dev-acenta.si\/de\/wp-json\/wp\/v2\/kraj?post=66841"},{"taxonomy":"regija","embeddable":true,"href":"https:\/\/shrazvoj.dev-acenta.si\/de\/wp-json\/wp\/v2\/regija?post=66841"}],"curies":[{"name":"wp","href":"https:\/\/api.w.org\/{rel}","templated":true}]}}