{"id":23990,"date":"2008-12-01T22:38:56","date_gmt":"2008-12-01T21:38:56","guid":{"rendered":"https:\/\/shrazvoj.dev-acenta.si\/aktivnost\/kolesarske-poti-trzic-kranj\/"},"modified":"2026-08-31T14:09:54","modified_gmt":"2026-08-31T12:09:54","slug":"radwege-trzic-kranj","status":"publish","type":"aktivnost","link":"https:\/\/shrazvoj.dev-acenta.si\/de\/kolesarske-poti-trzic-kranj\/","title":{"rendered":"Tr\u017ei\u010d &#8211; Kranj"},"content":{"rendered":"<p>Ich begann die Radtour in Tr\u017ei\u010d bei Deteljica und setzte den Weg Richtung Kovor und Zvir\u010de fort. Wenn Sie zum Kreisverkehr kommen, fahren Sie geradeaus weiter Richtung Podbrezje. Ab Podbrezje folgt eine kurze Abfahrt nach Bistrica. In Bistrica erwartet uns ein k\u00fcrzerer Anstieg, der jedoch kurz und nicht allzu anstrengend ist. Setzen Sie die Fahrt auf der Stra\u00dfe Richtung Naklo fort. Im Ort Naklo k\u00f6nnen Sie beim Gasthaus Marin\u0161ek auf den Radweg abbiegen und diesem weiter Richtung Kranj folgen. Nach 2 km erreichen Sie Polica ( Ampel ), wo Sie die Fahrt bis Kranj fortsetzen oder links Richtung Kokrica abbiegen k\u00f6nnen. Die R\u00fcckfahrt kann auf demselben Weg erfolgen, oder Sie biegen bei Polica Richtung Kokrica ab und kehren \u00fcber Golnik nach Tr\u017ei\u010d zur\u00fcck.<\/p>\n<hr \/>\n<p><b>Pfarrkirche Mari\u00e4 Verk\u00fcndigung<\/b> steht beim Friedhof von Tr\u017ei\u010d. Zu ihr spazieren Sie durch den alten Stadtkern, an der Kirche des hl. Andreas vorbei, \u00fcber die Partizanska ulica und dann am Kurnik-Haus vorbei \u00fcber die Cerkvena ulica. Die einschiffige Kirche mit zwei Kapellen und einer Kuppel wurde 1808 auf den Fundamenten einer gotischen Kirche aus dem 16. Jahrhundert entworfen. Die Kuppel und die W\u00e4nde zieren Layers Fresken.<a title=\"mally\" name=\"mally\"><\/a> <b>Das Mally-Haus<\/b> steht am Anfang der Hauptstra\u00dfe im alten Stadtkern. Es geh\u00f6rt zur Gruppe der b\u00fcrgerlich-adeligen Herrenh\u00e4user, das Renaissanceportal mit der Jahreszahl 1618 zeugt von der reichen sp\u00e4tgotischen und Renaissancezeit der Stadt. Erhalten ist ein Gratgew\u00f6lbe aus dem 17. Jahrhundert im Erdgeschoss und im Obergeschoss. Kennzeichnend sind die schmiedeeisernen T\u00fcren (Schutz vor Br\u00e4nden) , der offene Dachstuhl (Trocken\u00f6ffnungen zum Trocknen der H\u00e4ute) und die klassizistische Fassade vom Beginn des 16. Jahrhunderts. Am Stadteingang, gegen\u00fcber dem Gasthaus Pr`Slug, begeben Sie sich auf einen k\u00fcrzeren Spaziergang, der Sie nach etwa 10 Minuten auf die Kuppe des H\u00fcgels f\u00fchrt, wo die Kirche des hl. Josef steht und von wo sich ein wundersch\u00f6ner Blick auf den alten Stadtkern von Tr\u017ei\u010d \u00f6ffnet. <a title=\"zgkajza\" name=\"zgkajza\"><\/a><b>Die obere Keusche<\/b> in dem auch das Museum von Tr\u017ei\u010d seine R\u00e4ume hat, befindet sich im alten Stadtkern von Tr\u017ei\u010d. Ein Beispiel eines reichen klassizistischen Herrenhauses, dessen \u00c4u\u00dferes an die f\u00fcr die Stadt typische Bauweise nach dem verheerenden Brand von 1811 erinnert &#8211; eine gegliederte Fassade mit schmiedeeisernen Fensterl\u00e4den, auf dem Dach befinden sich Trocken\u00f6ffnungen, in denen Flachs getrocknet wurde. Im ersten Stock liegt der Wohnteil, im zweiten der repr\u00e4sentative Teil, in dem der ornamental und figural bemalte B\u00fcrgersalon aus der Mitte des 19.Jahrhunderts hervorsticht.<a title=\"kurnik\" name=\"kurnik\"><\/a> <b>Geburtshaus des Dichters aus Tr\u017ei\u010d, Vojteh Kurnik<\/b> steht auf der anderen Seite der oberen Br\u00fccke \u00fcber die Tr\u017ei\u0161ka Bistrica. Das Geb\u00e4ude steht f\u00fcr b\u00fcrgerlich &#8211; handwerkliche Architektur des 18. Jahrhunderts. Das erste Obergeschoss schm\u00fcckt ein langer h\u00f6lzerner Balkon &#8211; der Gang. Das Geb\u00e4ude ist eines der wenigen , das noch mit h\u00f6lzernen Dachziegeln &#8211; Schindeln bzw. Legschindeln gedeckt ist. Auf dem Dach fallen Trocken\u00f6ffnungen auf , die dem Trocknen von Str\u00fcmpfen dienten. T\u00fcren und Fenster , mit steinernen Rahmen aus gr\u00fcnem Pera\u010dica-Stein eingefasst, sind klein, ebenso die Gew\u00f6lbe im Inneren. Auf diese Weise sparte man ein wenig Energie. Im Inneren des Hauses befinden sich eine Rauchk\u00fcche, eine Kammer, eine kleine Stube &#8211; der \u0161tibelc, in dem ein Gedenkraum eingerichtet ist, und der Wohnraum, genannt &#8216;hi\u0161a&#8217;. In der &#8216;hi\u0161a&#8217; ist die einstige Schusterwerkstatt dargestellt.<a title=\"neuhaus\" name=\"neuhaus\"><\/a><b>Burg Neuhaus<\/b> steht auf einer Anh\u00f6he \u00fcber dem Stadtkern. Sie entstand h\u00f6chstwahrscheinlich mit der neuen Siedlung und war der Sitz der Herrschaft \u00fcber den oberen Teil von Tr\u017ei\u010d. Die Burg wechselte mehrfach die Besitzer<a title=\"dev\" name=\"dev\"><\/a>. <b>Das Dev-Haus<\/b> ist das Geburtshaus von Anton Feliks Dev &#8211; Ordensname Janez Damascen Dev (1732 &#8211; 1786). Im Jahr 1779 gab er den ersten Almanach slowenischer Gedichte heraus &#8211; Pisanice, was bedeutet, dass er neben Redakteur und Herausgeber auch der Begr\u00fcnder der slowenischen weltlichen Dichtung war. Er schrieb auch das erste slowenische Libretto &#8211; den Text f\u00fcr eine Oper &#8211; Belin <b>Kranj <\/b>ist die gr\u00f6\u00dfte Stadt Oberkrains und die viertgr\u00f6\u00dfte im Staat Slowenien. Der alte Stadtkern erhebt sich wie eine Art Halbinsel steil \u00fcber dem Zusammenfluss der Fl\u00fcsse Kokra und Save. Aufgrund seiner strategischen Lage war Kranj in der Geschichte ein bedeutendes Handelszentrum, und diesen Status hat die Stadt bis heute bewahrt. Die H\u00e4user im alten Stadtzentrum sind um einen rechteckigen Platz mit Brunnen, dem Rathaus und der Pfarrkirche des hl. Kanzian und Gef\u00e4hrten angeordnet. Besonders bekannt ist Kranj f\u00fcr <b>Pre\u0161eren-Gedenkmuseum<\/b> und <b>Pre\u0161eren-Hain<\/b>, wo Dr. France Pre\u0161eren begraben ist. Im Hain k\u00f6nnen Sie ebenso das erste Denkmal gewidmet den Opfern von Basovizza besichtigen, das Denkmal des Dichters Simon Jenko, das Mausoleum der Kranjer Familie Majdi\u010d. Sehenswert ist das Oberkrainer Museum im Stadtmuseum, wo sich arch\u00e4ologische Funde befinden, sehr zahlreiche aus der altslawischen Zeit, und Sie k\u00f6nnen sich den Reichtum der Volkskunst in Oberkrain ansehen. In der Stadt gibt es noch viele Sehensw\u00fcrdigkeiten, die man besichtigen kann: die Stadtmauer, die Burg Khieselstein, die Rosenkranzkirche, das Gymnasium Kranj, Ple\u010dniks Treppe, das Pre\u0161eren-Theater, dem unser Architekt Ple\u010dnik seinen Stempel aufgedr\u00fcckt hat, das Pav\u0161lar- und das Mautnerhaus, Sie k\u00f6nnen die Natur genie\u00dfen &ndash; den Canyon der Kokra,&hellip;Kranj ist auch ein sehr lebendiges Jahr, denn das ganze Jahr \u00fcber finden verschiedene Veranstaltungen statt. In den Sommermonaten findet das Festival Carniola statt, die gr\u00f6\u00dfte Veranstaltung in Oberkrain Kranfest (das letzte Wochenende im Juli), im Monat Februar der Pre\u0161eren-Markt, der Fasching, im Dezember findet die Veranstaltung Fr\u00f6hlicher Dezember mit dem Nikolaus- und dem Weihnachtsmarkt statt&hellip;. Am n\u00f6rdlichen Stadtrand von Kranj, in frischer gr\u00fcner Umgebung, ist ein wahrer Schauplatz von M\u00f6glichkeiten f\u00fcr sportliche Bet\u00e4tigung. Das Sportzentrum Kranj bietet die M\u00f6glichkeit zur Erholung im neuen Sommerbecken, im \u00fcberdachten Olympiabecken, auf Rasenfu\u00dfballpl\u00e4tzen sowie auf mehreren Tennis- und Basketballpl\u00e4tzen. F\u00fcr junge Familien haben sie neben dem Sportpark auch einen Kinderspielplatz GibiGib eingerichtet. Auf der Rennbahn des Guts Brdo organisieren sie jeden Herbst am ersten Sonntag im September interessante Trabrennen. <\/p>\n<p>Mitten im Dorf <b>Naklo<\/b> steht die Kirche, die dem Schutzpatron hl. Petrus geweiht ist. Sie ist einschiffig und in Form eines lateinischen Kreuzes erbaut und so ein sch\u00f6nes Beispiel barocker Bauweise. In ihr k\u00f6nnen wir etliche au\u00dfergew\u00f6hnliche Kunstwerke bewundern. Der Hauptaltar und die Statue des hl. Petrus sind das Werk von Jospi G&ouml;tzl, das Altarbild Jesus \u00fcbergibt dem hl. Petrus die Schl\u00fcssel malte der ber\u00fchmte Maler Leopold Layer, der auch das Marienbild in Brezje schuf. Ein Stolz der Kirche ist auch der au\u00dferordentlich sch\u00f6ne Kreuzweg, das Werk der K\u00fcnstler Josip Wolf und Jan Vurnik. Die Kirche des hl. Nikolaus auf dem Brdo in Strahinj wurde um das Jahr 1382 auf einer kleinen Felsanh\u00f6he erbaut. Sie ist dem hl. Nikolaus geweiht &#8211; volkst\u00fcmlich dem hl. Miklav\u017e. Um die Kirche war einst ein Friedhof. Die gr\u00f6\u00dfte Sehensw\u00fcrdigkeit der Kirche ist das Fresko im Raum unter dem Glockenturm. Es entstand im 14. Jahrhundert und hat gro\u00dfen historischen Wert.<\/p>\n<p><b>Polica<\/b> liegt auf der Terrasse zwischen Kranj und Pivka. Die Terrasse ist Teil des Udin bor\u0161t, der sich in der Schlucht Temnik der Dobrava am meisten n\u00e4hert. Durch diese Schlucht f\u00fchrte man 1908 die Eisenbahn Richtung Tr\u017ei\u010d, heute enden die Gleise schon in Naklo. Aus dem Konglomeratfels mei\u00dfelten die Puhar gerade auf der Polica mehr als 300 Jahre lang M\u00fchlsteine. Auf der Polica ist heute die Auffahrt auf die Autobahn Ljubljana &ndash; Jesenice. Heute ist sie durch den Volksk\u00fcnstler und Bildhauer Janez Vovk und durch Anton Gra\u0161i\u010d, den weltbekannten Antiquit\u00e4tensammler, bekannt. Auf der Polica k\u00f6nnen Sie beim Hof der Poli\u010dar haltmachen, wo Sie alle landwirtschaftlichen Erzeugnisse bekommen, und auf dem Nachbarhof Pr&#8217; \u0160kof\u010de wird man Ihnen das Reiten beibringen.<\/p>\n<p>Wenn Sie Richtung Golnik fahren, kommen Sie durch das Dorf <b>Teneti\u0161e<\/b>. Nordwestlich des Dorfes Teneti\u0161e liegt das bekannte &raquo;Klemen\u010dek-Gradi\u0161\u010de&laquo;. Es steht am h\u00f6heren Ostrand des Udin bor\u0161t \u00fcber der Flussschlinge des Fl\u00fcsschens Parovnica. Das &raquo;Klemen\u010dek-Gradi\u0161\u010de&laquo; ist ein zeitweilig eingerichteter Zufluchtsort oder ein Refugium aus der sp\u00e4tr\u00f6mischen Zeit (5. bis 6. Jh. n. Chr.). Das zentrale Plateau umgeben Verteidigungsgr\u00e4ben und Erdw\u00e4lle. Bekannt ist aber die Geschichte \u00fcber den Ursprung des Namens Teneti\u0161e. Im Dorf vor vielen Jahren eine Kirche mit wundersch\u00f6nen Glocken gebaut. Da man damals keine modernen Maschinen kannte, mussten die Glocken Fuhrleute transportieren. Die Wege zum Dorf f\u00fchrten damals \u00fcber einen sumpfigen Wald. Als sie durch den Wald fuhren, blieben sie wegen der zu schweren Wagen im Schlamm stecken. Da die Pferde nicht so viel Kraft hatten, um den Wagen aus dem Schlamm zu ziehen, rief der Fuhrmann Tone seinem Knecht Tine zu : &quot;Tine ti\u0161!&quot; So bekam das kleine Dorf an der Stra\u00dfe nach Golnik seinen Namen nach dem Knecht Tine : Teneti\u0161e.<\/p>\n<p>In Teneti\u0161e k\u00f6nnen Sie auch zum Dorf abbiegen <b>Trstenik<\/b>, wo die Pfarrkirche des hl. Martin steht. An der Stelle der alten Kirche errichtete man in den Jahren 1869 &ndash; 1871 eine neue Kirche. Erhalten blieb nur der barocke Glockenturm aus dem Jahr 1703. Die drei Alt\u00e4re und das Bild im Hauptaltar sind ein Werk von Jurij Tav\u010dar. Nur drei Kilometer trennen uns von Ba\u0161elj, wo die Stra\u00dfe zu den D\u00f6rfern Povlje und Babni vrt abzweigt und von wo sich uns der Blick auf Kranj und die Krainburger Ebene \u00f6ffnet.<\/p>\n<p><b>Gori\u010de<\/b> sind eine Stra\u00dfensiedlung mit Haufenkern und liegen 2 km s\u00fcdlich von Golnik. Die Pfarrkirche des hl. Andreas wird erstmals 1376 erw\u00e4hnt. Das heutige Geb\u00e4ude mit der zugeh\u00f6rigen Ausstattung stammt aus dem Jahr 1852. Der Hauptaltar ist ein Werk des Krainburger Bildhauers Janez Stimmer (1753 &ndash; 1835) aus dem Jahr 1792. Der Altar wurde 1852 aus der Pfarrkirche von Kranj hierher gebracht.<\/p>\n<p> <b>G<\/b><b>olnik<\/b> ist ein Dorf am Fu\u00df der Kri\u0161ka gora in Oberkrain, das gleichzeitig mit der Entwicklung des Sanatoriums in den zwanziger Jahren des vorigen Jahrhunderts entstand. Zuvor stand hier eine Burg, die auf ihre Erneuerung wartet und bereits 1566 erstmals erw\u00e4hnt wurde. Die ersten Herren &ndash; Eigent\u00fcmer waren die Herren von Kri\u017ee. Die Burg wird nach ihrem Besitzer Jurij Kreutzer Kreutzhof genannt. Sp\u00e4ter erhielt die Burg den Namen &quot;Gallenfels&quot;, weil sie von 1688 bis 1822 in den H\u00e4nden von Eigent\u00fcmern dieses Namens war. 1917 ging sie in den Besitz des \u00f6sterreichisch-ungarischen Staates \u00fcber. Zur selben Zeit erkl\u00e4rte der Staat Golnik zum Sanatorium f\u00fcr heimkehrende kranke Soldaten.<\/p>\n<p> Valvasor erw\u00e4hnt und stellt in einem Kupferstich auch die Burg &quot;Gallenfels&quot; dar, obwohl er selbst sagt, dass er die Herkunft des Namens Glavnik nicht feststellen kann. Das Herrenhaus Golnik befindet sich in Oberkrain am s\u00fcdlichen Fu\u00df des Bergr\u00fcckens Kri\u0161ka gora, der etwa 1600 m hoch ist. Die heilenden klimatischen Gegebenheiten, besonders die g\u00fcnstige Feuchtigkeit und viele Sonnenstrahlen, brachten die \u00f6sterreichisch-ungarische Regierung bereits 1916 dazu, den Ort Golnik f\u00fcr ein Klimasanatorium f\u00fcr Lungenkranke auszuw\u00e4hlen.<\/p>","protected":false},"featured_media":53285,"template":"","meta":{"_acf_changed":false,"_breakdance_hide_in_design_set":false,"_breakdance_tags":""},"categories":[757,753,3145],"tags":[],"kraj":[2754],"regija":[2456],"class_list":["post-23990","aktivnost","type-aktivnost","status-publish","has-post-thumbnail","hentry","category-cestno-kolesarjenje","category-kolesarjenje","category-vsa-dozivetja","kraj-kranj","regija-gorenjska"],"acf":[],"yoast_head":"<!-- This site is optimized with the Yoast SEO plugin v28.3 - https:\/\/yoast.com\/product\/yoast-seo-wordpress\/ -->\n<title>Tr\u017ei\u010d - Kranj - Sloveniaholidays.com<\/title>\n<meta name=\"description\" content=\"Kolesariti sem za\u010del v Tr\u017ei\u010du na Deteljici, ter nadaljeval pot proti Kovorju in Zvir\u010dam. Ko boste pri\u0161li do kro\u017enega kri\u017ei\u0161\u010da, nadaljujte pot naravnost proti...\" \/>\n<meta name=\"robots\" content=\"noindex, follow, max-snippet:-1, max-image-preview:large, max-video-preview:-1\" \/>\n<meta property=\"og:locale\" content=\"de_DE\" \/>\n<meta property=\"og:type\" content=\"article\" \/>\n<meta property=\"og:title\" content=\"Tr\u017ei\u010d - Kranj - Sloveniaholidays.com\" \/>\n<meta property=\"og:description\" content=\"Kolesariti sem za\u010del v Tr\u017ei\u010du na Deteljici, ter nadaljeval pot proti Kovorju in Zvir\u010dam. Ko boste pri\u0161li do kro\u017enega kri\u017ei\u0161\u010da, nadaljujte pot naravnost proti...\" \/>\n<meta property=\"og:url\" content=\"https:\/\/shrazvoj.dev-acenta.si\/de\/radwege-trzic-kranj\/\" \/>\n<meta property=\"og:site_name\" content=\"Sloveniaholidays.com\" \/>\n<meta property=\"article:modified_time\" content=\"2026-08-31T12:09:54+00:00\" \/>\n<meta property=\"og:image\" content=\"https:\/\/shrazvoj.dev-acenta.si\/wp-content\/uploads\/media\/bike-paths\/gallery\/bikepath-img8491.jpg\" \/>\n\t<meta property=\"og:image:width\" content=\"640\" \/>\n\t<meta property=\"og:image:height\" content=\"480\" \/>\n\t<meta property=\"og:image:type\" content=\"image\/jpeg\" \/>\n<meta name=\"twitter:card\" content=\"summary_large_image\" \/>\n<meta name=\"twitter:label1\" content=\"Est. reading time\" \/>\n\t<meta name=\"twitter:data1\" content=\"8\u00a0Minuten\" \/>\n<script type=\"application\/ld+json\" class=\"yoast-schema-graph\">{\"@context\":\"https:\\\/\\\/schema.org\",\"@graph\":[{\"@type\":\"WebPage\",\"@id\":\"https:\\\/\\\/shrazvoj.dev-acenta.si\\\/kolesarske-poti-trzic-kranj\\\/\",\"url\":\"https:\\\/\\\/shrazvoj.dev-acenta.si\\\/kolesarske-poti-trzic-kranj\\\/\",\"name\":\"Tr\u017ei\u010d - Kranj - Sloveniaholidays.com\",\"isPartOf\":{\"@id\":\"https:\\\/\\\/shrazvoj.dev-acenta.si\\\/#website\"},\"primaryImageOfPage\":{\"@id\":\"https:\\\/\\\/shrazvoj.dev-acenta.si\\\/kolesarske-poti-trzic-kranj\\\/#primaryimage\"},\"image\":{\"@id\":\"https:\\\/\\\/shrazvoj.dev-acenta.si\\\/kolesarske-poti-trzic-kranj\\\/#primaryimage\"},\"thumbnailUrl\":\"https:\\\/\\\/shrazvoj.dev-acenta.si\\\/wp-content\\\/uploads\\\/media\\\/bike-paths\\\/gallery\\\/bikepath-img8491.jpg\",\"datePublished\":\"2008-12-01T21:38:56+00:00\",\"dateModified\":\"2026-08-31T12:09:54+00:00\",\"description\":\"Kolesariti sem za\u010del v Tr\u017ei\u010du na Deteljici, ter nadaljeval pot proti Kovorju in Zvir\u010dam. Ko boste pri\u0161li do kro\u017enega kri\u017ei\u0161\u010da, nadaljujte pot naravnost proti...\",\"breadcrumb\":{\"@id\":\"https:\\\/\\\/shrazvoj.dev-acenta.si\\\/kolesarske-poti-trzic-kranj\\\/#breadcrumb\"},\"inLanguage\":\"de\",\"potentialAction\":[{\"@type\":\"ReadAction\",\"target\":[\"https:\\\/\\\/shrazvoj.dev-acenta.si\\\/kolesarske-poti-trzic-kranj\\\/\"]}]},{\"@type\":\"ImageObject\",\"inLanguage\":\"de\",\"@id\":\"https:\\\/\\\/shrazvoj.dev-acenta.si\\\/kolesarske-poti-trzic-kranj\\\/#primaryimage\",\"url\":\"https:\\\/\\\/shrazvoj.dev-acenta.si\\\/wp-content\\\/uploads\\\/media\\\/bike-paths\\\/gallery\\\/bikepath-img8491.jpg\",\"contentUrl\":\"https:\\\/\\\/shrazvoj.dev-acenta.si\\\/wp-content\\\/uploads\\\/media\\\/bike-paths\\\/gallery\\\/bikepath-img8491.jpg\",\"width\":640,\"height\":480},{\"@type\":\"BreadcrumbList\",\"@id\":\"https:\\\/\\\/shrazvoj.dev-acenta.si\\\/kolesarske-poti-trzic-kranj\\\/#breadcrumb\",\"itemListElement\":[{\"@type\":\"ListItem\",\"position\":1,\"name\":\"Home\",\"item\":\"https:\\\/\\\/shrazvoj.dev-acenta.si\\\/\"},{\"@type\":\"ListItem\",\"position\":2,\"name\":\"Do\u017eivetja\",\"item\":\"https:\\\/\\\/shrazvoj.dev-acenta.si\\\/dozivetja\\\/\"},{\"@type\":\"ListItem\",\"position\":3,\"name\":\"Tr\u017ei\u010d &#8211; Kranj\"}]},{\"@type\":\"WebSite\",\"@id\":\"https:\\\/\\\/shrazvoj.dev-acenta.si\\\/#website\",\"url\":\"https:\\\/\\\/shrazvoj.dev-acenta.si\\\/\",\"name\":\"Sloveniaholidays.com\",\"description\":\"\",\"potentialAction\":[{\"@type\":\"SearchAction\",\"target\":{\"@type\":\"EntryPoint\",\"urlTemplate\":\"https:\\\/\\\/shrazvoj.dev-acenta.si\\\/?s={search_term_string}\"},\"query-input\":{\"@type\":\"PropertyValueSpecification\",\"valueRequired\":true,\"valueName\":\"search_term_string\"}}],\"inLanguage\":\"de\"}]}<\/script>\n<!-- \/ Yoast SEO plugin. -->","yoast_head_json":{"title":"Tr\u017ei\u010d - Kranj - Sloveniaholidays.com","description":"Zu radeln begann ich in Tr\u017ei\u010d in Deteljica und setzte den Weg Richtung Kovor und Zvir\u010de fort. Wenn Sie zum Kreisverkehr kommen, fahren Sie geradeaus weiter Richtung...","robots":{"index":"noindex","follow":"follow","max-snippet":"max-snippet:-1","max-image-preview":"max-image-preview:large","max-video-preview":"max-video-preview:-1"},"og_locale":"de_DE","og_type":"article","og_title":"Tr\u017ei\u010d - Kranj - Sloveniaholidays.com","og_description":"Kolesariti sem za\u010del v Tr\u017ei\u010du na Deteljici, ter nadaljeval pot proti Kovorju in Zvir\u010dam. Ko boste pri\u0161li do kro\u017enega kri\u017ei\u0161\u010da, nadaljujte pot naravnost proti...","og_url":"https:\/\/shrazvoj.dev-acenta.si\/de\/radwege-trzic-kranj\/","og_site_name":"Sloveniaholidays.com","article_modified_time":"2026-08-31T12:09:54+00:00","og_image":[{"width":640,"height":480,"url":"https:\/\/shrazvoj.dev-acenta.si\/wp-content\/uploads\/media\/bike-paths\/gallery\/bikepath-img8491.jpg","type":"image\/jpeg"}],"twitter_card":"summary_large_image","twitter_misc":{"Est. reading time":"8\u00a0Minuten"},"schema":{"@context":"https:\/\/schema.org","@graph":[{"@type":"WebPage","@id":"https:\/\/shrazvoj.dev-acenta.si\/kolesarske-poti-trzic-kranj\/","url":"https:\/\/shrazvoj.dev-acenta.si\/kolesarske-poti-trzic-kranj\/","name":"Tr\u017ei\u010d - Kranj - Sloveniaholidays.com","isPartOf":{"@id":"https:\/\/shrazvoj.dev-acenta.si\/#website"},"primaryImageOfPage":{"@id":"https:\/\/shrazvoj.dev-acenta.si\/kolesarske-poti-trzic-kranj\/#primaryimage"},"image":{"@id":"https:\/\/shrazvoj.dev-acenta.si\/kolesarske-poti-trzic-kranj\/#primaryimage"},"thumbnailUrl":"https:\/\/shrazvoj.dev-acenta.si\/wp-content\/uploads\/media\/bike-paths\/gallery\/bikepath-img8491.jpg","datePublished":"2008-12-01T21:38:56+00:00","dateModified":"2026-08-31T12:09:54+00:00","description":"Zu radeln begann ich in Tr\u017ei\u010d in Deteljica und setzte den Weg Richtung Kovor und Zvir\u010de fort. Wenn Sie zum Kreisverkehr kommen, fahren Sie geradeaus weiter Richtung...","breadcrumb":{"@id":"https:\/\/shrazvoj.dev-acenta.si\/kolesarske-poti-trzic-kranj\/#breadcrumb"},"inLanguage":"de","potentialAction":[{"@type":"ReadAction","target":["https:\/\/shrazvoj.dev-acenta.si\/kolesarske-poti-trzic-kranj\/"]}]},{"@type":"ImageObject","inLanguage":"de","@id":"https:\/\/shrazvoj.dev-acenta.si\/kolesarske-poti-trzic-kranj\/#primaryimage","url":"https:\/\/shrazvoj.dev-acenta.si\/wp-content\/uploads\/media\/bike-paths\/gallery\/bikepath-img8491.jpg","contentUrl":"https:\/\/shrazvoj.dev-acenta.si\/wp-content\/uploads\/media\/bike-paths\/gallery\/bikepath-img8491.jpg","width":640,"height":480},{"@type":"BreadcrumbList","@id":"https:\/\/shrazvoj.dev-acenta.si\/kolesarske-poti-trzic-kranj\/#breadcrumb","itemListElement":[{"@type":"ListItem","position":1,"name":"Home","item":"https:\/\/shrazvoj.dev-acenta.si\/"},{"@type":"ListItem","position":2,"name":"Do\u017eivetja","item":"https:\/\/shrazvoj.dev-acenta.si\/dozivetja\/"},{"@type":"ListItem","position":3,"name":"Tr\u017ei\u010d &#8211; Kranj"}]},{"@type":"WebSite","@id":"https:\/\/shrazvoj.dev-acenta.si\/#website","url":"https:\/\/shrazvoj.dev-acenta.si\/","name":"Sloveniaholidays.com","description":"","potentialAction":[{"@type":"SearchAction","target":{"@type":"EntryPoint","urlTemplate":"https:\/\/shrazvoj.dev-acenta.si\/?s={search_term_string}"},"query-input":{"@type":"PropertyValueSpecification","valueRequired":true,"valueName":"search_term_string"}}],"inLanguage":"de"}]}},"_links":{"self":[{"href":"https:\/\/shrazvoj.dev-acenta.si\/de\/wp-json\/wp\/v2\/aktivnost\/23990","targetHints":{"allow":["GET"]}}],"collection":[{"href":"https:\/\/shrazvoj.dev-acenta.si\/de\/wp-json\/wp\/v2\/aktivnost"}],"about":[{"href":"https:\/\/shrazvoj.dev-acenta.si\/de\/wp-json\/wp\/v2\/types\/aktivnost"}],"wp:featuredmedia":[{"embeddable":true,"href":"https:\/\/shrazvoj.dev-acenta.si\/de\/wp-json\/wp\/v2\/media\/53285"}],"wp:attachment":[{"href":"https:\/\/shrazvoj.dev-acenta.si\/de\/wp-json\/wp\/v2\/media?parent=23990"}],"wp:term":[{"taxonomy":"category","embeddable":true,"href":"https:\/\/shrazvoj.dev-acenta.si\/de\/wp-json\/wp\/v2\/categories?post=23990"},{"taxonomy":"post_tag","embeddable":true,"href":"https:\/\/shrazvoj.dev-acenta.si\/de\/wp-json\/wp\/v2\/tags?post=23990"},{"taxonomy":"kraj","embeddable":true,"href":"https:\/\/shrazvoj.dev-acenta.si\/de\/wp-json\/wp\/v2\/kraj?post=23990"},{"taxonomy":"regija","embeddable":true,"href":"https:\/\/shrazvoj.dev-acenta.si\/de\/wp-json\/wp\/v2\/regija?post=23990"}],"curies":[{"name":"wp","href":"https:\/\/api.w.org\/{rel}","templated":true}]}}