{"id":23897,"date":"2008-11-30T14:35:00","date_gmt":"2008-11-30T13:35:00","guid":{"rendered":"https:\/\/shrazvoj.dev-acenta.si\/aktivnost\/kolesarske-poti-osrednja-pot\/"},"modified":"2026-08-31T14:05:01","modified_gmt":"2026-08-31T12:05:01","slug":"radwege-zentralweg","status":"publish","type":"aktivnost","link":"https:\/\/shrazvoj.dev-acenta.si\/de\/kolesarske-poti-osrednja-pot\/","title":{"rendered":"Zentralweg"},"content":{"rendered":"<p>Den Radweg beginnen wir in Puconci, von wo wir nach einem kleineren Anstieg durch das Dorf den Weg Richtung Vane\u010da fortsetzen. In Vane\u010da biegen wir rechts Richtung Bokra\u010di ab, davor aber k\u00f6nnen wir die Sammlung zum Volksbefreiungskampf im Haus der K\u00e4mpfer und der Jugend auf dem H\u00fcgel Vrbnjek besichtigen, von wo auch ein sch\u00f6ner Blick auf die Prekmurje-Ebene ist. Der Weg f\u00fchrt uns auf einer bewegten Stra\u00dfe mit k\u00fcrzeren Anstiegen und Abfahrten bis Bokra\u010di. Es folgt eine l\u00e4ngere Abfahrt bis Dolina, dann fahren wir nach der Querung der Bahnstrecke in Vane\u010da weiter bis \u0160alamenci. In \u0160alamenci biegen wir Richtung Pe\u010darovci ab. Ein anspruchsvollerer Anstieg bringt uns zum Dorfzentrum Sebe\u0161\u010dan, wo wir die Kirche des hl. Sebastian besichtigen k\u00f6nnen. Es folgt die Abfahrt nach Mo\u0161\u010danci. Nach der Querung der Bahnstrecke fahren wir auf die Hauptstra\u00dfe, die wir aber schon nach etwa 100 Metern verlassen, und machen uns auf der Touristenstra\u00dfe Richtung Ku\u0161tanovci auf. Zuerst fahren wir auf einer Schotterstra\u00dfe mit leichten Anstiegen zwischen W\u00e4ldern und Weing\u00e4rten bis Ku\u0161tanovci (in der Umgebung sind einige Aussichtsh\u00fcgel), von wo wir auf einer Asphaltstra\u00dfe bis Ma\u010dkovci hinunterfahren, wo wir wieder die Hauptstra\u00dfe queren und den Weg fortsetzen, der bis Otovci ansteigt. Hier k\u00f6nnen wir einen einheimischen Obstbauern besuchen. Den Weg setzen wir in leichter Abfahrt \u00fcber Vidonci und Kova\u010devci fort, wo wir bei einem Obstbauernhof haltmachen und den hausgemachten Saft verkosten k\u00f6nnen, bis Poznanovci, und auf einer bewegten ebenen Stra\u00dfe durch Felder und W\u00e4lder gelangen wir bis Bodonci. Hier erwartet uns wieder ein Anstieg bis zur Bodoncier evangelischen Kirche mit sch\u00f6nem Blick. Von Bodonci folgt die Abfahrt nach Vadarci und der Anstieg auf den Drvari\u010d-Hang, wo wir bei einem Tourismusbauernhof haltmachen k\u00f6nnen. Gest\u00e4rkt begeben wir uns weiter auf einem Schotterwaldweg bis zum Anschluss an die Asphaltstra\u00dfe in Beznovci und dann erneut zwischen Feldern auf einem Schotterweg, der uns nach Strukovci bringt. Weiter f\u00fchrt uns die Stra\u00dfe auf dem ebenen Teil durch Pu\u017eevci, wo man Reste einer r\u00f6mischen Siedlung und eines Gr\u00e4berfeldes gefunden hat, durch Lemerje, Brezovci und Gorica zur\u00fcck bis zum Ausgangspunkt in Puconci. Den Weg k\u00f6nnen wir auch in Vidonci abk\u00fcrzen, von wo uns die Stra\u00dfe auf dem H\u00fcgelkamm bis zum Dorf Pe\u010darovci (Feuerwehrmuseum) und weiter \u00fcber \u0160alamenci bis Puconci f\u00fchrt.<\/p>\n<hr \/>\n<p>In Strukovci steht das Geburtshaus von \u0160tefan Kuzmi\u010d, \u00dcbersetzer und Begr\u00fcnder der Literatur des Prekmurje.<\/p>","protected":false},"featured_media":52716,"template":"","meta":{"_acf_changed":false,"_breakdance_hide_in_design_set":false,"_breakdance_tags":""},"categories":[753,755,3145],"tags":[],"kraj":[2933],"regija":[2461],"class_list":["post-23897","aktivnost","type-aktivnost","status-publish","has-post-thumbnail","hentry","category-kolesarjenje","category-tracking-kolesarjenje","category-vsa-dozivetja","kraj-puconci","regija-prekmurje"],"acf":[],"yoast_head":"<!-- This site is optimized with the Yoast SEO plugin v28.3 - https:\/\/yoast.com\/product\/yoast-seo-wordpress\/ -->\n<title>Osrednja pot - Sloveniaholidays.com<\/title>\n<meta name=\"description\" content=\"Kolesarsko pot pri\u010dnemo v Puconcih, od koder po manj\u0161em vzponu skozi vas nadaljujemo pot proti Vane\u010di. Na Vane\u010di zavijemo desno proti Bokra\u010dem, \u0161e prej pa si...\" \/>\n<meta name=\"robots\" content=\"noindex, follow, max-snippet:-1, max-image-preview:large, max-video-preview:-1\" \/>\n<meta property=\"og:locale\" content=\"de_DE\" \/>\n<meta property=\"og:type\" content=\"article\" \/>\n<meta property=\"og:title\" content=\"Osrednja pot - Sloveniaholidays.com\" \/>\n<meta property=\"og:description\" content=\"Kolesarsko pot pri\u010dnemo v Puconcih, od koder po manj\u0161em vzponu skozi vas nadaljujemo pot proti Vane\u010di. Na Vane\u010di zavijemo desno proti Bokra\u010dem, \u0161e prej pa si...\" \/>\n<meta property=\"og:url\" content=\"https:\/\/shrazvoj.dev-acenta.si\/de\/radwege-zentralweg\/\" \/>\n<meta property=\"og:site_name\" content=\"Sloveniaholidays.com\" \/>\n<meta property=\"article:modified_time\" content=\"2026-08-31T12:05:01+00:00\" \/>\n<meta property=\"og:image\" content=\"https:\/\/shrazvoj.dev-acenta.si\/wp-content\/uploads\/media\/bike-paths\/gallery\/bikepath-img6725.jpg\" \/>\n\t<meta property=\"og:image:width\" content=\"360\" \/>\n\t<meta property=\"og:image:height\" content=\"270\" \/>\n\t<meta property=\"og:image:type\" content=\"image\/jpeg\" \/>\n<meta name=\"twitter:card\" content=\"summary_large_image\" \/>\n<meta name=\"twitter:label1\" content=\"Est. reading time\" \/>\n\t<meta name=\"twitter:data1\" content=\"2\u00a0Minuten\" \/>\n<script type=\"application\/ld+json\" class=\"yoast-schema-graph\">{\"@context\":\"https:\\\/\\\/schema.org\",\"@graph\":[{\"@type\":\"WebPage\",\"@id\":\"https:\\\/\\\/shrazvoj.dev-acenta.si\\\/kolesarske-poti-osrednja-pot\\\/\",\"url\":\"https:\\\/\\\/shrazvoj.dev-acenta.si\\\/kolesarske-poti-osrednja-pot\\\/\",\"name\":\"Osrednja pot - Sloveniaholidays.com\",\"isPartOf\":{\"@id\":\"https:\\\/\\\/shrazvoj.dev-acenta.si\\\/#website\"},\"primaryImageOfPage\":{\"@id\":\"https:\\\/\\\/shrazvoj.dev-acenta.si\\\/kolesarske-poti-osrednja-pot\\\/#primaryimage\"},\"image\":{\"@id\":\"https:\\\/\\\/shrazvoj.dev-acenta.si\\\/kolesarske-poti-osrednja-pot\\\/#primaryimage\"},\"thumbnailUrl\":\"https:\\\/\\\/shrazvoj.dev-acenta.si\\\/wp-content\\\/uploads\\\/media\\\/bike-paths\\\/gallery\\\/bikepath-img6725.jpg\",\"datePublished\":\"2008-11-30T13:35:00+00:00\",\"dateModified\":\"2026-08-31T12:05:01+00:00\",\"description\":\"Kolesarsko pot pri\u010dnemo v Puconcih, od koder po manj\u0161em vzponu skozi vas nadaljujemo pot proti Vane\u010di. Na Vane\u010di zavijemo desno proti Bokra\u010dem, \u0161e prej pa si...\",\"breadcrumb\":{\"@id\":\"https:\\\/\\\/shrazvoj.dev-acenta.si\\\/kolesarske-poti-osrednja-pot\\\/#breadcrumb\"},\"inLanguage\":\"de\",\"potentialAction\":[{\"@type\":\"ReadAction\",\"target\":[\"https:\\\/\\\/shrazvoj.dev-acenta.si\\\/kolesarske-poti-osrednja-pot\\\/\"]}]},{\"@type\":\"ImageObject\",\"inLanguage\":\"de\",\"@id\":\"https:\\\/\\\/shrazvoj.dev-acenta.si\\\/kolesarske-poti-osrednja-pot\\\/#primaryimage\",\"url\":\"https:\\\/\\\/shrazvoj.dev-acenta.si\\\/wp-content\\\/uploads\\\/media\\\/bike-paths\\\/gallery\\\/bikepath-img6725.jpg\",\"contentUrl\":\"https:\\\/\\\/shrazvoj.dev-acenta.si\\\/wp-content\\\/uploads\\\/media\\\/bike-paths\\\/gallery\\\/bikepath-img6725.jpg\",\"width\":360,\"height\":270},{\"@type\":\"BreadcrumbList\",\"@id\":\"https:\\\/\\\/shrazvoj.dev-acenta.si\\\/kolesarske-poti-osrednja-pot\\\/#breadcrumb\",\"itemListElement\":[{\"@type\":\"ListItem\",\"position\":1,\"name\":\"Home\",\"item\":\"https:\\\/\\\/shrazvoj.dev-acenta.si\\\/\"},{\"@type\":\"ListItem\",\"position\":2,\"name\":\"Do\u017eivetja\",\"item\":\"https:\\\/\\\/shrazvoj.dev-acenta.si\\\/dozivetja\\\/\"},{\"@type\":\"ListItem\",\"position\":3,\"name\":\"Osrednja pot\"}]},{\"@type\":\"WebSite\",\"@id\":\"https:\\\/\\\/shrazvoj.dev-acenta.si\\\/#website\",\"url\":\"https:\\\/\\\/shrazvoj.dev-acenta.si\\\/\",\"name\":\"Sloveniaholidays.com\",\"description\":\"\",\"potentialAction\":[{\"@type\":\"SearchAction\",\"target\":{\"@type\":\"EntryPoint\",\"urlTemplate\":\"https:\\\/\\\/shrazvoj.dev-acenta.si\\\/?s={search_term_string}\"},\"query-input\":{\"@type\":\"PropertyValueSpecification\",\"valueRequired\":true,\"valueName\":\"search_term_string\"}}],\"inLanguage\":\"de\"}]}<\/script>\n<!-- \/ Yoast SEO plugin. -->","yoast_head_json":{"title":"Zentrale Route - Sloveniaholidays.com","description":"Den Radweg beginnen wir in Puconci, von wo wir nach einem kleinen Anstieg durch das Dorf den Weg Richtung Vane\u010da fortsetzen. In Vane\u010da biegen wir rechts Richtung Bokra\u010di ab, doch zuvor...","robots":{"index":"noindex","follow":"follow","max-snippet":"max-snippet:-1","max-image-preview":"max-image-preview:large","max-video-preview":"max-video-preview:-1"},"og_locale":"de_DE","og_type":"article","og_title":"Osrednja pot - Sloveniaholidays.com","og_description":"Kolesarsko pot pri\u010dnemo v Puconcih, od koder po manj\u0161em vzponu skozi vas nadaljujemo pot proti Vane\u010di. Na Vane\u010di zavijemo desno proti Bokra\u010dem, \u0161e prej pa si...","og_url":"https:\/\/shrazvoj.dev-acenta.si\/de\/radwege-zentralweg\/","og_site_name":"Sloveniaholidays.com","article_modified_time":"2026-08-31T12:05:01+00:00","og_image":[{"width":360,"height":270,"url":"https:\/\/shrazvoj.dev-acenta.si\/wp-content\/uploads\/media\/bike-paths\/gallery\/bikepath-img6725.jpg","type":"image\/jpeg"}],"twitter_card":"summary_large_image","twitter_misc":{"Est. reading time":"2\u00a0Minuten"},"schema":{"@context":"https:\/\/schema.org","@graph":[{"@type":"WebPage","@id":"https:\/\/shrazvoj.dev-acenta.si\/kolesarske-poti-osrednja-pot\/","url":"https:\/\/shrazvoj.dev-acenta.si\/kolesarske-poti-osrednja-pot\/","name":"Zentrale Route - Sloveniaholidays.com","isPartOf":{"@id":"https:\/\/shrazvoj.dev-acenta.si\/#website"},"primaryImageOfPage":{"@id":"https:\/\/shrazvoj.dev-acenta.si\/kolesarske-poti-osrednja-pot\/#primaryimage"},"image":{"@id":"https:\/\/shrazvoj.dev-acenta.si\/kolesarske-poti-osrednja-pot\/#primaryimage"},"thumbnailUrl":"https:\/\/shrazvoj.dev-acenta.si\/wp-content\/uploads\/media\/bike-paths\/gallery\/bikepath-img6725.jpg","datePublished":"2008-11-30T13:35:00+00:00","dateModified":"2026-08-31T12:05:01+00:00","description":"Den Radweg beginnen wir in Puconci, von wo wir nach einem kleinen Anstieg durch das Dorf den Weg Richtung Vane\u010da fortsetzen. In Vane\u010da biegen wir rechts Richtung Bokra\u010di ab, doch zuvor...","breadcrumb":{"@id":"https:\/\/shrazvoj.dev-acenta.si\/kolesarske-poti-osrednja-pot\/#breadcrumb"},"inLanguage":"de","potentialAction":[{"@type":"ReadAction","target":["https:\/\/shrazvoj.dev-acenta.si\/kolesarske-poti-osrednja-pot\/"]}]},{"@type":"ImageObject","inLanguage":"de","@id":"https:\/\/shrazvoj.dev-acenta.si\/kolesarske-poti-osrednja-pot\/#primaryimage","url":"https:\/\/shrazvoj.dev-acenta.si\/wp-content\/uploads\/media\/bike-paths\/gallery\/bikepath-img6725.jpg","contentUrl":"https:\/\/shrazvoj.dev-acenta.si\/wp-content\/uploads\/media\/bike-paths\/gallery\/bikepath-img6725.jpg","width":360,"height":270},{"@type":"BreadcrumbList","@id":"https:\/\/shrazvoj.dev-acenta.si\/kolesarske-poti-osrednja-pot\/#breadcrumb","itemListElement":[{"@type":"ListItem","position":1,"name":"Home","item":"https:\/\/shrazvoj.dev-acenta.si\/"},{"@type":"ListItem","position":2,"name":"Do\u017eivetja","item":"https:\/\/shrazvoj.dev-acenta.si\/dozivetja\/"},{"@type":"ListItem","position":3,"name":"Osrednja pot"}]},{"@type":"WebSite","@id":"https:\/\/shrazvoj.dev-acenta.si\/#website","url":"https:\/\/shrazvoj.dev-acenta.si\/","name":"Sloveniaholidays.com","description":"","potentialAction":[{"@type":"SearchAction","target":{"@type":"EntryPoint","urlTemplate":"https:\/\/shrazvoj.dev-acenta.si\/?s={search_term_string}"},"query-input":{"@type":"PropertyValueSpecification","valueRequired":true,"valueName":"search_term_string"}}],"inLanguage":"de"}]}},"_links":{"self":[{"href":"https:\/\/shrazvoj.dev-acenta.si\/de\/wp-json\/wp\/v2\/aktivnost\/23897","targetHints":{"allow":["GET"]}}],"collection":[{"href":"https:\/\/shrazvoj.dev-acenta.si\/de\/wp-json\/wp\/v2\/aktivnost"}],"about":[{"href":"https:\/\/shrazvoj.dev-acenta.si\/de\/wp-json\/wp\/v2\/types\/aktivnost"}],"wp:featuredmedia":[{"embeddable":true,"href":"https:\/\/shrazvoj.dev-acenta.si\/de\/wp-json\/wp\/v2\/media\/52716"}],"wp:attachment":[{"href":"https:\/\/shrazvoj.dev-acenta.si\/de\/wp-json\/wp\/v2\/media?parent=23897"}],"wp:term":[{"taxonomy":"category","embeddable":true,"href":"https:\/\/shrazvoj.dev-acenta.si\/de\/wp-json\/wp\/v2\/categories?post=23897"},{"taxonomy":"post_tag","embeddable":true,"href":"https:\/\/shrazvoj.dev-acenta.si\/de\/wp-json\/wp\/v2\/tags?post=23897"},{"taxonomy":"kraj","embeddable":true,"href":"https:\/\/shrazvoj.dev-acenta.si\/de\/wp-json\/wp\/v2\/kraj?post=23897"},{"taxonomy":"regija","embeddable":true,"href":"https:\/\/shrazvoj.dev-acenta.si\/de\/wp-json\/wp\/v2\/regija?post=23897"}],"curies":[{"name":"wp","href":"https:\/\/api.w.org\/{rel}","templated":true}]}}